{"id":439,"date":"2023-12-27T20:07:07","date_gmt":"2023-12-27T20:07:07","guid":{"rendered":"https:\/\/gremioiberico.com\/?page_id=439"},"modified":"2024-11-12T17:33:38","modified_gmt":"2024-11-12T17:33:38","slug":"conversas-pedorelha","status":"publish","type":"page","link":"https:\/\/gremioiberico.com\/?page_id=439","title":{"rendered":"Conversas p\u00e9D&#8217;orelha"},"content":{"rendered":"\t\t<div data-elementor-type=\"wp-page\" data-elementor-id=\"439\" class=\"elementor elementor-439\">\n\t\t\t\t\t\t<section class=\"elementor-section elementor-top-section elementor-element elementor-element-b5f739f elementor-section-boxed elementor-section-height-default elementor-section-height-default wpr-particle-no wpr-jarallax-no wpr-parallax-no wpr-sticky-section-no\" data-id=\"b5f739f\" data-element_type=\"section\" data-e-type=\"section\">\n\t\t\t\t\t\t<div class=\"elementor-container elementor-column-gap-default\">\n\t\t\t\t\t<div class=\"elementor-column elementor-col-100 elementor-top-column elementor-element elementor-element-a6c46d0\" data-id=\"a6c46d0\" data-element_type=\"column\" data-e-type=\"column\">\n\t\t\t<div class=\"elementor-widget-wrap elementor-element-populated\">\n\t\t\t\t\t\t<div class=\"elementor-element elementor-element-c69c3ab elementor-widget elementor-widget-heading\" data-id=\"c69c3ab\" data-element_type=\"widget\" data-e-type=\"widget\" data-widget_type=\"heading.default\">\n\t\t\t\t<div class=\"elementor-widget-container\">\n\t\t\t\t\t<h2 class=\"elementor-heading-title elementor-size-default\">A Universidade Popular de Ferreira do Alentejo e o\nGr\u00e9mio Ib\u00e9rico Cultural e Social acordam a programa\u00e7\u00e3o para\n2024 das Conversas de P\u00e9 de Orelha nas Instala\u00e7\u00f5es da Universidade, sempre presididas pelo Presidente da autarquia local Dr. Lu\u00eds Pita Ameixa.<\/h2>\t\t\t\t<\/div>\n\t\t\t\t<\/div>\n\t\t\t\t<div class=\"elementor-element elementor-element-f8ffce7 elementor-widget elementor-widget-spacer\" data-id=\"f8ffce7\" data-element_type=\"widget\" data-e-type=\"widget\" data-widget_type=\"spacer.default\">\n\t\t\t\t<div class=\"elementor-widget-container\">\n\t\t\t\t\t\t\t<div class=\"elementor-spacer\">\n\t\t\t<div class=\"elementor-spacer-inner\"><\/div>\n\t\t<\/div>\n\t\t\t\t\t\t<\/div>\n\t\t\t\t<\/div>\n\t\t\t\t\t<\/div>\n\t\t<\/div>\n\t\t\t\t\t<\/div>\n\t\t<\/section>\n\t\t\t\t<section class=\"elementor-section elementor-top-section elementor-element elementor-element-303b51a elementor-section-boxed elementor-section-height-default elementor-section-height-default wpr-particle-no wpr-jarallax-no wpr-parallax-no wpr-sticky-section-no\" data-id=\"303b51a\" data-element_type=\"section\" data-e-type=\"section\">\n\t\t\t\t\t\t<div class=\"elementor-container elementor-column-gap-default\">\n\t\t\t\t\t<div class=\"elementor-column elementor-col-100 elementor-top-column elementor-element elementor-element-c333acd\" data-id=\"c333acd\" data-element_type=\"column\" data-e-type=\"column\">\n\t\t\t<div class=\"elementor-widget-wrap elementor-element-populated\">\n\t\t\t\t\t\t<div class=\"elementor-element elementor-element-c7e22b1 elementor-widget elementor-widget-heading\" data-id=\"c7e22b1\" data-element_type=\"widget\" data-e-type=\"widget\" data-widget_type=\"heading.default\">\n\t\t\t\t<div class=\"elementor-widget-container\">\n\t\t\t\t\t<h2 class=\"elementor-heading-title elementor-size-default\">19 JANEIRO | 21h<\/h2>\t\t\t\t<\/div>\n\t\t\t\t<\/div>\n\t\t\t\t<div class=\"elementor-element elementor-element-5aea462 elementor-widget elementor-widget-text-editor\" data-id=\"5aea462\" data-element_type=\"widget\" data-e-type=\"widget\" data-widget_type=\"text-editor.default\">\n\t\t\t\t<div class=\"elementor-widget-container\">\n\t\t\t\t\t\t\t\t\t<p>A Universidade Popular de Ferreira do Alentejo e o Gr\u00e9mio Ib\u00e9rico Cultural e Social, efectuaram a apresenta\u00e7\u00e3o do projecto pelos Associados: <strong>Ana Tavares Mello<\/strong>, vice-presidente Associa\u00e7\u00e3o Gr\u00e9mio Ib\u00e9rico Cultural e Social e do Associado <strong>Ricardo Sousa<\/strong>. Seguiu-se o lan\u00e7amento do\u00a0livro \u201c<em>Nunca Estamos S\u00f3s\/Solos<\/em>\u201d da autoria de v\u00e1rios autores, um relato de viv\u00eancias durante a pandemia, apresentado por <strong>In\u00e1cio Ludgero<\/strong> presidente do Gr\u00e9mio Ib\u00e9rico Cultural e Social.<\/p>\t\t\t\t\t\t\t\t<\/div>\n\t\t\t\t<\/div>\n\t\t\t\t<div class=\"elementor-element elementor-element-d4ae338 elementor-widget elementor-widget-image\" data-id=\"d4ae338\" data-element_type=\"widget\" data-e-type=\"widget\" data-widget_type=\"image.default\">\n\t\t\t\t<div class=\"elementor-widget-container\">\n\t\t\t\t\t\t\t\t\t\t\t\t\t\t\t<img fetchpriority=\"high\" decoding=\"async\" width=\"800\" height=\"380\" src=\"https:\/\/gremioiberico.com\/wp-content\/uploads\/2024\/01\/cartaz-e-convite-02-1024x487.png\" class=\"attachment-large size-large wp-image-496\" alt=\"\" srcset=\"https:\/\/gremioiberico.com\/wp-content\/uploads\/2024\/01\/cartaz-e-convite-02-1024x487.png 1024w, https:\/\/gremioiberico.com\/wp-content\/uploads\/2024\/01\/cartaz-e-convite-02-300x143.png 300w, https:\/\/gremioiberico.com\/wp-content\/uploads\/2024\/01\/cartaz-e-convite-02-768x365.png 768w, https:\/\/gremioiberico.com\/wp-content\/uploads\/2024\/01\/cartaz-e-convite-02-1536x730.png 1536w, https:\/\/gremioiberico.com\/wp-content\/uploads\/2024\/01\/cartaz-e-convite-02-2048x973.png 2048w\" sizes=\"(max-width: 800px) 100vw, 800px\" \/>\t\t\t\t\t\t\t\t\t\t\t\t\t\t\t<\/div>\n\t\t\t\t<\/div>\n\t\t\t\t<div class=\"elementor-element elementor-element-d4626e6 elementor-widget elementor-widget-image-gallery\" data-id=\"d4626e6\" data-element_type=\"widget\" data-e-type=\"widget\" data-widget_type=\"image-gallery.default\">\n\t\t\t\t<div class=\"elementor-widget-container\">\n\t\t\t\t\t\t\t<div class=\"elementor-image-gallery\">\n\t\t\t<div id='gallery-1' class='gallery galleryid-439 gallery-columns-4 gallery-size-thumbnail'><figure class='gallery-item'>\n\t\t\t<div class='gallery-icon landscape'>\n\t\t\t\t<a data-elementor-open-lightbox=\"yes\" data-elementor-lightbox-slideshow=\"d4626e6\" data-elementor-lightbox-title=\"Foto In\u00eas Viriato\/C\u00e2mara Municipal de Ferreira do Alentejo\" data-e-action-hash=\"#elementor-action%3Aaction%3Dlightbox%26settings%3DeyJpZCI6NTE5LCJ1cmwiOiJodHRwczpcL1wvZ3JlbWlvaWJlcmljby5jb21cL3dwLWNvbnRlbnRcL3VwbG9hZHNcLzIwMjRcLzAxXC9JbmVzLVZpcmlhdG8tQ29udmVyc2FzLWRlLVBlLWRlLU9yZWxoYS0xOS4wMTIwMjQtNy5qcGciLCJzbGlkZXNob3ciOiJkNDYyNmU2In0%3D\" href='https:\/\/gremioiberico.com\/wp-content\/uploads\/2024\/01\/Ines-Viriato-Conversas-de-Pe-de-Orelha-19.012024-7.jpg'><img decoding=\"async\" width=\"150\" height=\"150\" src=\"https:\/\/gremioiberico.com\/wp-content\/uploads\/2024\/01\/Ines-Viriato-Conversas-de-Pe-de-Orelha-19.012024-7-150x150.jpg\" class=\"attachment-thumbnail size-thumbnail\" alt=\"\" \/><\/a>\n\t\t\t<\/div><\/figure><figure class='gallery-item'>\n\t\t\t<div class='gallery-icon portrait'>\n\t\t\t\t<a data-elementor-open-lightbox=\"yes\" data-elementor-lightbox-slideshow=\"d4626e6\" data-elementor-lightbox-title=\"In\u00eas Viriato-Conversas de P\u00e9 de Orelha-19.012024 (11)\" data-e-action-hash=\"#elementor-action%3Aaction%3Dlightbox%26settings%3DeyJpZCI6NTEwLCJ1cmwiOiJodHRwczpcL1wvZ3JlbWlvaWJlcmljby5jb21cL3dwLWNvbnRlbnRcL3VwbG9hZHNcLzIwMjRcLzAxXC9JbmVzLVZpcmlhdG8tQ29udmVyc2FzLWRlLVBlLWRlLU9yZWxoYS0xOS4wMTIwMjQtMTEuanBnIiwic2xpZGVzaG93IjoiZDQ2MjZlNiJ9\" href='https:\/\/gremioiberico.com\/wp-content\/uploads\/2024\/01\/Ines-Viriato-Conversas-de-Pe-de-Orelha-19.012024-11.jpg'><img decoding=\"async\" width=\"150\" height=\"150\" src=\"https:\/\/gremioiberico.com\/wp-content\/uploads\/2024\/01\/Ines-Viriato-Conversas-de-Pe-de-Orelha-19.012024-11-150x150.jpg\" class=\"attachment-thumbnail size-thumbnail\" alt=\"\" \/><\/a>\n\t\t\t<\/div><\/figure><figure class='gallery-item'>\n\t\t\t<div class='gallery-icon landscape'>\n\t\t\t\t<a data-elementor-open-lightbox=\"yes\" data-elementor-lightbox-slideshow=\"d4626e6\" data-elementor-lightbox-title=\"In\u00eas Viriato-Conversas de P\u00e9 de Orelha-19.012024 (9)\" data-e-action-hash=\"#elementor-action%3Aaction%3Dlightbox%26settings%3DeyJpZCI6NTA5LCJ1cmwiOiJodHRwczpcL1wvZ3JlbWlvaWJlcmljby5jb21cL3dwLWNvbnRlbnRcL3VwbG9hZHNcLzIwMjRcLzAxXC9JbmVzLVZpcmlhdG8tQ29udmVyc2FzLWRlLVBlLWRlLU9yZWxoYS0xOS4wMTIwMjQtOS5qcGciLCJzbGlkZXNob3ciOiJkNDYyNmU2In0%3D\" href='https:\/\/gremioiberico.com\/wp-content\/uploads\/2024\/01\/Ines-Viriato-Conversas-de-Pe-de-Orelha-19.012024-9.jpg'><img loading=\"lazy\" decoding=\"async\" width=\"150\" height=\"150\" src=\"https:\/\/gremioiberico.com\/wp-content\/uploads\/2024\/01\/Ines-Viriato-Conversas-de-Pe-de-Orelha-19.012024-9-150x150.jpg\" class=\"attachment-thumbnail size-thumbnail\" alt=\"\" \/><\/a>\n\t\t\t<\/div><\/figure><figure class='gallery-item'>\n\t\t\t<div class='gallery-icon landscape'>\n\t\t\t\t<a data-elementor-open-lightbox=\"yes\" data-elementor-lightbox-slideshow=\"d4626e6\" data-elementor-lightbox-title=\"In\u00eas Viriato-Conversas de P\u00e9 de Orelha-19.012024 (5)\" data-e-action-hash=\"#elementor-action%3Aaction%3Dlightbox%26settings%3DeyJpZCI6NTA4LCJ1cmwiOiJodHRwczpcL1wvZ3JlbWlvaWJlcmljby5jb21cL3dwLWNvbnRlbnRcL3VwbG9hZHNcLzIwMjRcLzAxXC9JbmVzLVZpcmlhdG8tQ29udmVyc2FzLWRlLVBlLWRlLU9yZWxoYS0xOS4wMTIwMjQtNS5qcGciLCJzbGlkZXNob3ciOiJkNDYyNmU2In0%3D\" href='https:\/\/gremioiberico.com\/wp-content\/uploads\/2024\/01\/Ines-Viriato-Conversas-de-Pe-de-Orelha-19.012024-5.jpg'><img loading=\"lazy\" decoding=\"async\" width=\"150\" height=\"150\" src=\"https:\/\/gremioiberico.com\/wp-content\/uploads\/2024\/01\/Ines-Viriato-Conversas-de-Pe-de-Orelha-19.012024-5-150x150.jpg\" class=\"attachment-thumbnail size-thumbnail\" alt=\"\" \/><\/a>\n\t\t\t<\/div><\/figure><figure class='gallery-item'>\n\t\t\t<div class='gallery-icon portrait'>\n\t\t\t\t<a data-elementor-open-lightbox=\"yes\" data-elementor-lightbox-slideshow=\"d4626e6\" data-elementor-lightbox-title=\"In\u00eas Viriato-Conversas de P\u00e9 de Orelha-19.012024 (1)\" data-e-action-hash=\"#elementor-action%3Aaction%3Dlightbox%26settings%3DeyJpZCI6NTA3LCJ1cmwiOiJodHRwczpcL1wvZ3JlbWlvaWJlcmljby5jb21cL3dwLWNvbnRlbnRcL3VwbG9hZHNcLzIwMjRcLzAxXC9JbmVzLVZpcmlhdG8tQ29udmVyc2FzLWRlLVBlLWRlLU9yZWxoYS0xOS4wMTIwMjQtMS5qcGciLCJzbGlkZXNob3ciOiJkNDYyNmU2In0%3D\" href='https:\/\/gremioiberico.com\/wp-content\/uploads\/2024\/01\/Ines-Viriato-Conversas-de-Pe-de-Orelha-19.012024-1.jpg'><img loading=\"lazy\" decoding=\"async\" width=\"150\" height=\"150\" src=\"https:\/\/gremioiberico.com\/wp-content\/uploads\/2024\/01\/Ines-Viriato-Conversas-de-Pe-de-Orelha-19.012024-1-150x150.jpg\" class=\"attachment-thumbnail size-thumbnail\" alt=\"\" \/><\/a>\n\t\t\t<\/div><\/figure><figure class='gallery-item'>\n\t\t\t<div class='gallery-icon landscape'>\n\t\t\t\t<a data-elementor-open-lightbox=\"yes\" data-elementor-lightbox-slideshow=\"d4626e6\" data-elementor-lightbox-title=\"GF-Conversas de P\u00e9 de Orelha-19.01.2023 (16)\" data-e-action-hash=\"#elementor-action%3Aaction%3Dlightbox%26settings%3DeyJpZCI6NTA2LCJ1cmwiOiJodHRwczpcL1wvZ3JlbWlvaWJlcmljby5jb21cL3dwLWNvbnRlbnRcL3VwbG9hZHNcLzIwMjRcLzAxXC9HRi1Db252ZXJzYXMtZGUtUGUtZGUtT3JlbGhhLTE5LjAxLjIwMjMtMTYuanBnIiwic2xpZGVzaG93IjoiZDQ2MjZlNiJ9\" href='https:\/\/gremioiberico.com\/wp-content\/uploads\/2024\/01\/GF-Conversas-de-Pe-de-Orelha-19.01.2023-16.jpg'><img loading=\"lazy\" decoding=\"async\" width=\"150\" height=\"150\" src=\"https:\/\/gremioiberico.com\/wp-content\/uploads\/2024\/01\/GF-Conversas-de-Pe-de-Orelha-19.01.2023-16-150x150.jpg\" class=\"attachment-thumbnail size-thumbnail\" alt=\"\" \/><\/a>\n\t\t\t<\/div><\/figure><figure class='gallery-item'>\n\t\t\t<div class='gallery-icon landscape'>\n\t\t\t\t<a data-elementor-open-lightbox=\"yes\" data-elementor-lightbox-slideshow=\"d4626e6\" data-elementor-lightbox-title=\"GF-Conversas de P\u00e9 de Orelha-19.01.2023 (3)\" data-e-action-hash=\"#elementor-action%3Aaction%3Dlightbox%26settings%3DeyJpZCI6NTA1LCJ1cmwiOiJodHRwczpcL1wvZ3JlbWlvaWJlcmljby5jb21cL3dwLWNvbnRlbnRcL3VwbG9hZHNcLzIwMjRcLzAxXC9HRi1Db252ZXJzYXMtZGUtUGUtZGUtT3JlbGhhLTE5LjAxLjIwMjMtMy5qcGciLCJzbGlkZXNob3ciOiJkNDYyNmU2In0%3D\" href='https:\/\/gremioiberico.com\/wp-content\/uploads\/2024\/01\/GF-Conversas-de-Pe-de-Orelha-19.01.2023-3.jpg'><img loading=\"lazy\" decoding=\"async\" width=\"150\" height=\"150\" src=\"https:\/\/gremioiberico.com\/wp-content\/uploads\/2024\/01\/GF-Conversas-de-Pe-de-Orelha-19.01.2023-3-150x150.jpg\" class=\"attachment-thumbnail size-thumbnail\" alt=\"\" \/><\/a>\n\t\t\t<\/div><\/figure><figure class='gallery-item'>\n\t\t\t<div class='gallery-icon landscape'>\n\t\t\t\t<a data-elementor-open-lightbox=\"yes\" data-elementor-lightbox-slideshow=\"d4626e6\" data-elementor-lightbox-title=\"GF-Conversas de P\u00e9 de Orelha-19.01.2023 (2)\" data-e-action-hash=\"#elementor-action%3Aaction%3Dlightbox%26settings%3DeyJpZCI6NTA0LCJ1cmwiOiJodHRwczpcL1wvZ3JlbWlvaWJlcmljby5jb21cL3dwLWNvbnRlbnRcL3VwbG9hZHNcLzIwMjRcLzAxXC9HRi1Db252ZXJzYXMtZGUtUGUtZGUtT3JlbGhhLTE5LjAxLjIwMjMtMi5qcGciLCJzbGlkZXNob3ciOiJkNDYyNmU2In0%3D\" href='https:\/\/gremioiberico.com\/wp-content\/uploads\/2024\/01\/GF-Conversas-de-Pe-de-Orelha-19.01.2023-2.jpg'><img loading=\"lazy\" decoding=\"async\" width=\"150\" height=\"150\" src=\"https:\/\/gremioiberico.com\/wp-content\/uploads\/2024\/01\/GF-Conversas-de-Pe-de-Orelha-19.01.2023-2-150x150.jpg\" class=\"attachment-thumbnail size-thumbnail\" alt=\"\" \/><\/a>\n\t\t\t<\/div><\/figure>\n\t\t<\/div>\n\t\t<\/div>\n\t\t\t\t\t\t<\/div>\n\t\t\t\t<\/div>\n\t\t\t\t<div class=\"elementor-element elementor-element-93f95fc elementor-widget elementor-widget-text-editor\" data-id=\"93f95fc\" data-element_type=\"widget\" data-e-type=\"widget\" data-widget_type=\"text-editor.default\">\n\t\t\t\t<div class=\"elementor-widget-container\">\n\t\t\t\t\t\t\t\t\t<p>Fotos de In\u00eas Viriato\/C\u00e2mara Municipal de Ferreira do Alentejo\u00a0e de Gabriela Fernandes.<\/p>\t\t\t\t\t\t\t\t<\/div>\n\t\t\t\t<\/div>\n\t\t\t\t<div class=\"elementor-element elementor-element-2269076 elementor-widget-divider--view-line elementor-widget elementor-widget-divider\" data-id=\"2269076\" data-element_type=\"widget\" data-e-type=\"widget\" data-widget_type=\"divider.default\">\n\t\t\t\t<div class=\"elementor-widget-container\">\n\t\t\t\t\t\t\t<div class=\"elementor-divider\">\n\t\t\t<span class=\"elementor-divider-separator\">\n\t\t\t\t\t\t<\/span>\n\t\t<\/div>\n\t\t\t\t\t\t<\/div>\n\t\t\t\t<\/div>\n\t\t\t\t\t<\/div>\n\t\t<\/div>\n\t\t\t\t\t<\/div>\n\t\t<\/section>\n\t\t\t\t<section class=\"elementor-section elementor-top-section elementor-element elementor-element-0f40b92 elementor-section-boxed elementor-section-height-default elementor-section-height-default wpr-particle-no wpr-jarallax-no wpr-parallax-no wpr-sticky-section-no\" data-id=\"0f40b92\" data-element_type=\"section\" data-e-type=\"section\">\n\t\t\t\t\t\t<div class=\"elementor-container elementor-column-gap-default\">\n\t\t\t\t\t<div class=\"elementor-column elementor-col-100 elementor-top-column elementor-element elementor-element-f422b64\" data-id=\"f422b64\" data-element_type=\"column\" data-e-type=\"column\">\n\t\t\t<div class=\"elementor-widget-wrap elementor-element-populated\">\n\t\t\t\t\t\t<div class=\"elementor-element elementor-element-d58f16a elementor-widget elementor-widget-heading\" data-id=\"d58f16a\" data-element_type=\"widget\" data-e-type=\"widget\" data-widget_type=\"heading.default\">\n\t\t\t\t<div class=\"elementor-widget-container\">\n\t\t\t\t\t<h2 class=\"elementor-heading-title elementor-size-default\">15 MAR\u00c7O | 21h<\/h2>\t\t\t\t<\/div>\n\t\t\t\t<\/div>\n\t\t\t\t<div class=\"elementor-element elementor-element-c71ba0e elementor-widget elementor-widget-text-editor\" data-id=\"c71ba0e\" data-element_type=\"widget\" data-e-type=\"widget\" data-widget_type=\"text-editor.default\">\n\t\t\t\t<div class=\"elementor-widget-container\">\n\t\t\t\t\t\t\t\t\t<p>Conversa sobre o tema \u201c<em>O papel da mulher na Ma\u00e7onaria<\/em>\u201d proferida por <strong>Maria Jos\u00e9 Matos<\/strong>, Historiadora, <strong>C\u00e1rmen Vasquez<\/strong>, licenciada em Antropologia e <strong>Gabriela Fernandes<\/strong>, Engenheira Civil na, com apresenta\u00e7\u00e3o de <strong>In\u00e1cio Ludgero<\/strong>, Presidente do Gr\u00e9mio Ib\u00e9rico Social e Cultural, <strong>Manuel Rajo<\/strong>, Presidente do Conselho Fiscal do Gr\u00e9mio Ib\u00e9rico Cultural e Social. Conversa proferida na Universidade Popular de Ferreira do Alentejo.<\/p>\t\t\t\t\t\t\t\t<\/div>\n\t\t\t\t<\/div>\n\t\t\t\t<div class=\"elementor-element elementor-element-85d4d7e elementor-widget elementor-widget-image-gallery\" data-id=\"85d4d7e\" data-element_type=\"widget\" data-e-type=\"widget\" data-widget_type=\"image-gallery.default\">\n\t\t\t\t<div class=\"elementor-widget-container\">\n\t\t\t\t\t\t\t<div class=\"elementor-image-gallery\">\n\t\t\t<div id='gallery-2' class='gallery galleryid-439 gallery-columns-4 gallery-size-thumbnail'><figure class='gallery-item'>\n\t\t\t<div class='gallery-icon portrait'>\n\t\t\t\t<a data-elementor-open-lightbox=\"yes\" data-elementor-lightbox-slideshow=\"85d4d7e\" data-elementor-lightbox-title=\"O papel da mulher na Ma\u00e7onaria\" data-e-action-hash=\"#elementor-action%3Aaction%3Dlightbox%26settings%3DeyJpZCI6NjQ3LCJ1cmwiOiJodHRwczpcL1wvZ3JlbWlvaWJlcmljby5jb21cL3dwLWNvbnRlbnRcL3VwbG9hZHNcLzIwMjRcLzAzXC9JTUdfMzU0Ni1taW4tc2NhbGVkLmpwZyIsInNsaWRlc2hvdyI6Ijg1ZDRkN2UifQ%3D%3D\" href='https:\/\/gremioiberico.com\/wp-content\/uploads\/2024\/03\/IMG_3546-min-scaled.jpg'><img loading=\"lazy\" decoding=\"async\" width=\"150\" height=\"150\" src=\"https:\/\/gremioiberico.com\/wp-content\/uploads\/2024\/03\/IMG_3546-min-150x150.jpg\" class=\"attachment-thumbnail size-thumbnail\" alt=\"\" \/><\/a>\n\t\t\t<\/div><\/figure><figure class='gallery-item'>\n\t\t\t<div class='gallery-icon portrait'>\n\t\t\t\t<a data-elementor-open-lightbox=\"yes\" data-elementor-lightbox-slideshow=\"85d4d7e\" data-elementor-lightbox-title=\"O papel da mulher na Ma\u00e7onaria\" data-e-action-hash=\"#elementor-action%3Aaction%3Dlightbox%26settings%3DeyJpZCI6NjUwLCJ1cmwiOiJodHRwczpcL1wvZ3JlbWlvaWJlcmljby5jb21cL3dwLWNvbnRlbnRcL3VwbG9hZHNcLzIwMjRcLzAzXC9JTUdfMzU1Ny1taW4tc2NhbGVkLmpwZyIsInNsaWRlc2hvdyI6Ijg1ZDRkN2UifQ%3D%3D\" href='https:\/\/gremioiberico.com\/wp-content\/uploads\/2024\/03\/IMG_3557-min-scaled.jpg'><img loading=\"lazy\" decoding=\"async\" width=\"150\" height=\"150\" src=\"https:\/\/gremioiberico.com\/wp-content\/uploads\/2024\/03\/IMG_3557-min-150x150.jpg\" class=\"attachment-thumbnail size-thumbnail\" alt=\"\" \/><\/a>\n\t\t\t<\/div><\/figure><figure class='gallery-item'>\n\t\t\t<div class='gallery-icon landscape'>\n\t\t\t\t<a data-elementor-open-lightbox=\"yes\" data-elementor-lightbox-slideshow=\"85d4d7e\" data-elementor-lightbox-title=\"O papel da mulher na Ma\u00e7onaria\" data-e-action-hash=\"#elementor-action%3Aaction%3Dlightbox%26settings%3DeyJpZCI6NjUxLCJ1cmwiOiJodHRwczpcL1wvZ3JlbWlvaWJlcmljby5jb21cL3dwLWNvbnRlbnRcL3VwbG9hZHNcLzIwMjRcLzAzXC9JTUdfMzU4NC1taW4tc2NhbGVkLmpwZyIsInNsaWRlc2hvdyI6Ijg1ZDRkN2UifQ%3D%3D\" href='https:\/\/gremioiberico.com\/wp-content\/uploads\/2024\/03\/IMG_3584-min-scaled.jpg'><img loading=\"lazy\" decoding=\"async\" width=\"150\" height=\"150\" src=\"https:\/\/gremioiberico.com\/wp-content\/uploads\/2024\/03\/IMG_3584-min-150x150.jpg\" class=\"attachment-thumbnail size-thumbnail\" alt=\"\" \/><\/a>\n\t\t\t<\/div><\/figure><figure class='gallery-item'>\n\t\t\t<div class='gallery-icon landscape'>\n\t\t\t\t<a data-elementor-open-lightbox=\"yes\" data-elementor-lightbox-slideshow=\"85d4d7e\" data-elementor-lightbox-title=\"O papel da mulher na Ma\u00e7onaria\" data-e-action-hash=\"#elementor-action%3Aaction%3Dlightbox%26settings%3DeyJpZCI6NjUyLCJ1cmwiOiJodHRwczpcL1wvZ3JlbWlvaWJlcmljby5jb21cL3dwLWNvbnRlbnRcL3VwbG9hZHNcLzIwMjRcLzAzXC9JTUdfMzU5NS1taW4tc2NhbGVkLmpwZyIsInNsaWRlc2hvdyI6Ijg1ZDRkN2UifQ%3D%3D\" href='https:\/\/gremioiberico.com\/wp-content\/uploads\/2024\/03\/IMG_3595-min-scaled.jpg'><img loading=\"lazy\" decoding=\"async\" width=\"150\" height=\"150\" src=\"https:\/\/gremioiberico.com\/wp-content\/uploads\/2024\/03\/IMG_3595-min-150x150.jpg\" class=\"attachment-thumbnail size-thumbnail\" alt=\"\" \/><\/a>\n\t\t\t<\/div><\/figure><figure class='gallery-item'>\n\t\t\t<div class='gallery-icon landscape'>\n\t\t\t\t<a data-elementor-open-lightbox=\"yes\" data-elementor-lightbox-slideshow=\"85d4d7e\" data-elementor-lightbox-title=\"O papel da mulher na Ma\u00e7onaria\" data-e-action-hash=\"#elementor-action%3Aaction%3Dlightbox%26settings%3DeyJpZCI6NjUzLCJ1cmwiOiJodHRwczpcL1wvZ3JlbWlvaWJlcmljby5jb21cL3dwLWNvbnRlbnRcL3VwbG9hZHNcLzIwMjRcLzAzXC9JTUdfMzYwMi1taW4tc2NhbGVkLmpwZyIsInNsaWRlc2hvdyI6Ijg1ZDRkN2UifQ%3D%3D\" href='https:\/\/gremioiberico.com\/wp-content\/uploads\/2024\/03\/IMG_3602-min-scaled.jpg'><img loading=\"lazy\" decoding=\"async\" width=\"150\" height=\"150\" src=\"https:\/\/gremioiberico.com\/wp-content\/uploads\/2024\/03\/IMG_3602-min-150x150.jpg\" class=\"attachment-thumbnail size-thumbnail\" alt=\"\" \/><\/a>\n\t\t\t<\/div><\/figure><figure class='gallery-item'>\n\t\t\t<div class='gallery-icon landscape'>\n\t\t\t\t<a data-elementor-open-lightbox=\"yes\" data-elementor-lightbox-slideshow=\"85d4d7e\" data-elementor-lightbox-title=\"O papel da mulher na Ma\u00e7onaria\" data-e-action-hash=\"#elementor-action%3Aaction%3Dlightbox%26settings%3DeyJpZCI6NjU0LCJ1cmwiOiJodHRwczpcL1wvZ3JlbWlvaWJlcmljby5jb21cL3dwLWNvbnRlbnRcL3VwbG9hZHNcLzIwMjRcLzAzXC9JTUdfMzYxMS1taW4tc2NhbGVkLmpwZyIsInNsaWRlc2hvdyI6Ijg1ZDRkN2UifQ%3D%3D\" href='https:\/\/gremioiberico.com\/wp-content\/uploads\/2024\/03\/IMG_3611-min-scaled.jpg'><img loading=\"lazy\" decoding=\"async\" width=\"150\" height=\"150\" src=\"https:\/\/gremioiberico.com\/wp-content\/uploads\/2024\/03\/IMG_3611-min-150x150.jpg\" class=\"attachment-thumbnail size-thumbnail\" alt=\"\" \/><\/a>\n\t\t\t<\/div><\/figure><figure class='gallery-item'>\n\t\t\t<div class='gallery-icon landscape'>\n\t\t\t\t<a data-elementor-open-lightbox=\"yes\" data-elementor-lightbox-slideshow=\"85d4d7e\" data-elementor-lightbox-title=\"O papel da mulher na Ma\u00e7onaria\" data-e-action-hash=\"#elementor-action%3Aaction%3Dlightbox%26settings%3DeyJpZCI6NjQ4LCJ1cmwiOiJodHRwczpcL1wvZ3JlbWlvaWJlcmljby5jb21cL3dwLWNvbnRlbnRcL3VwbG9hZHNcLzIwMjRcLzAzXC9JTUdfMzU1MS1taW4tc2NhbGVkLmpwZyIsInNsaWRlc2hvdyI6Ijg1ZDRkN2UifQ%3D%3D\" href='https:\/\/gremioiberico.com\/wp-content\/uploads\/2024\/03\/IMG_3551-min-scaled.jpg'><img loading=\"lazy\" decoding=\"async\" width=\"150\" height=\"150\" src=\"https:\/\/gremioiberico.com\/wp-content\/uploads\/2024\/03\/IMG_3551-min-150x150.jpg\" class=\"attachment-thumbnail size-thumbnail\" alt=\"\" \/><\/a>\n\t\t\t<\/div><\/figure><figure class='gallery-item'>\n\t\t\t<div class='gallery-icon landscape'>\n\t\t\t\t<a data-elementor-open-lightbox=\"yes\" data-elementor-lightbox-slideshow=\"85d4d7e\" data-elementor-lightbox-title=\"O papel da mulher na Ma\u00e7onaria\" data-e-action-hash=\"#elementor-action%3Aaction%3Dlightbox%26settings%3DeyJpZCI6NjQ5LCJ1cmwiOiJodHRwczpcL1wvZ3JlbWlvaWJlcmljby5jb21cL3dwLWNvbnRlbnRcL3VwbG9hZHNcLzIwMjRcLzAzXC9JTUdfMzU1Mi1taW4tc2NhbGVkLmpwZyIsInNsaWRlc2hvdyI6Ijg1ZDRkN2UifQ%3D%3D\" href='https:\/\/gremioiberico.com\/wp-content\/uploads\/2024\/03\/IMG_3552-min-scaled.jpg'><img loading=\"lazy\" decoding=\"async\" width=\"150\" height=\"150\" src=\"https:\/\/gremioiberico.com\/wp-content\/uploads\/2024\/03\/IMG_3552-min-150x150.jpg\" class=\"attachment-thumbnail size-thumbnail\" alt=\"\" \/><\/a>\n\t\t\t<\/div><\/figure>\n\t\t<\/div>\n\t\t<\/div>\n\t\t\t\t\t\t<\/div>\n\t\t\t\t<\/div>\n\t\t\t\t<div class=\"elementor-element elementor-element-80c2b3f elementor-widget elementor-widget-text-editor\" data-id=\"80c2b3f\" data-element_type=\"widget\" data-e-type=\"widget\" data-widget_type=\"text-editor.default\">\n\t\t\t\t<div class=\"elementor-widget-container\">\n\t\t\t\t\t\t\t\t\t<p>Fotos de In\u00eas Viriato\/C\u00e2mara Municipal de Ferreira do Alentejo.<\/p>\t\t\t\t\t\t\t\t<\/div>\n\t\t\t\t<\/div>\n\t\t\t\t<div class=\"elementor-element elementor-element-8b2ecc9 elementor-widget-divider--view-line elementor-widget elementor-widget-divider\" data-id=\"8b2ecc9\" data-element_type=\"widget\" data-e-type=\"widget\" data-widget_type=\"divider.default\">\n\t\t\t\t<div class=\"elementor-widget-container\">\n\t\t\t\t\t\t\t<div class=\"elementor-divider\">\n\t\t\t<span class=\"elementor-divider-separator\">\n\t\t\t\t\t\t<\/span>\n\t\t<\/div>\n\t\t\t\t\t\t<\/div>\n\t\t\t\t<\/div>\n\t\t\t\t\t<\/div>\n\t\t<\/div>\n\t\t\t\t\t<\/div>\n\t\t<\/section>\n\t\t\t\t<section class=\"elementor-section elementor-top-section elementor-element elementor-element-da2fc78 elementor-section-boxed elementor-section-height-default elementor-section-height-default wpr-particle-no wpr-jarallax-no wpr-parallax-no wpr-sticky-section-no\" data-id=\"da2fc78\" data-element_type=\"section\" data-e-type=\"section\">\n\t\t\t\t\t\t<div class=\"elementor-container elementor-column-gap-default\">\n\t\t\t\t\t<div class=\"elementor-column elementor-col-100 elementor-top-column elementor-element elementor-element-26d0da3\" data-id=\"26d0da3\" data-element_type=\"column\" data-e-type=\"column\">\n\t\t\t<div class=\"elementor-widget-wrap elementor-element-populated\">\n\t\t\t\t\t\t<div class=\"elementor-element elementor-element-0c28417 elementor-widget elementor-widget-heading\" data-id=\"0c28417\" data-element_type=\"widget\" data-e-type=\"widget\" data-widget_type=\"heading.default\">\n\t\t\t\t<div class=\"elementor-widget-container\">\n\t\t\t\t\t<h2 class=\"elementor-heading-title elementor-size-default\">5 ABRIL | 21h<\/h2>\t\t\t\t<\/div>\n\t\t\t\t<\/div>\n\t\t\t\t<div class=\"elementor-element elementor-element-8097a24 elementor-widget elementor-widget-text-editor\" data-id=\"8097a24\" data-element_type=\"widget\" data-e-type=\"widget\" data-widget_type=\"text-editor.default\">\n\t\t\t\t<div class=\"elementor-widget-container\">\n\t\t\t\t\t\t\t\t\t<p>Conversa sobre o tema \u201c<em>\u00c0 conversa com um militar de Abril<\/em>\u201d proferida pelo <strong>Coronel Jo\u00e3o Andrade da Silva<\/strong>, na Universidade Popular de Ferreira do Alentejo.<\/p>\t\t\t\t\t\t\t\t<\/div>\n\t\t\t\t<\/div>\n\t\t\t\t<div class=\"elementor-element elementor-element-ff3b440 elementor-widget elementor-widget-image\" data-id=\"ff3b440\" data-element_type=\"widget\" data-e-type=\"widget\" data-widget_type=\"image.default\">\n\t\t\t\t<div class=\"elementor-widget-container\">\n\t\t\t\t\t\t\t\t\t\t\t\t\t\t\t<img loading=\"lazy\" decoding=\"async\" width=\"800\" height=\"382\" src=\"https:\/\/gremioiberico.com\/wp-content\/uploads\/2024\/03\/unnamed-2-1024x489.jpg\" class=\"attachment-large size-large wp-image-704\" alt=\"\" srcset=\"https:\/\/gremioiberico.com\/wp-content\/uploads\/2024\/03\/unnamed-2-1024x489.jpg 1024w, https:\/\/gremioiberico.com\/wp-content\/uploads\/2024\/03\/unnamed-2-300x143.jpg 300w, https:\/\/gremioiberico.com\/wp-content\/uploads\/2024\/03\/unnamed-2-768x366.jpg 768w, https:\/\/gremioiberico.com\/wp-content\/uploads\/2024\/03\/unnamed-2-1536x733.jpg 1536w, https:\/\/gremioiberico.com\/wp-content\/uploads\/2024\/03\/unnamed-2-2048x977.jpg 2048w\" sizes=\"(max-width: 800px) 100vw, 800px\" \/>\t\t\t\t\t\t\t\t\t\t\t\t\t\t\t<\/div>\n\t\t\t\t<\/div>\n\t\t\t\t<div class=\"elementor-element elementor-element-a12beaf elementor-widget elementor-widget-image-gallery\" data-id=\"a12beaf\" data-element_type=\"widget\" data-e-type=\"widget\" data-widget_type=\"image-gallery.default\">\n\t\t\t\t<div class=\"elementor-widget-container\">\n\t\t\t\t\t\t\t<div class=\"elementor-image-gallery\">\n\t\t\t<div id='gallery-3' class='gallery galleryid-439 gallery-columns-4 gallery-size-thumbnail'><figure class='gallery-item'>\n\t\t\t<div class='gallery-icon landscape'>\n\t\t\t\t<a data-elementor-open-lightbox=\"yes\" data-elementor-lightbox-slideshow=\"a12beaf\" data-elementor-lightbox-title=\"A vitoriosa ac\u00e7\u00e3o do 25 de Abril de 74 e a Gloriosa Revolu\u00e7\u00e3o POVO-MFA de Abril no Alentejo\" data-e-action-hash=\"#elementor-action%3Aaction%3Dlightbox%26settings%3DeyJpZCI6NzM4LCJ1cmwiOiJodHRwczpcL1wvZ3JlbWlvaWJlcmljby5jb21cL3dwLWNvbnRlbnRcL3VwbG9hZHNcLzIwMjRcLzA0XC9JTUdfNDczMy1taW4tc2NhbGVkLmpwZyIsInNsaWRlc2hvdyI6ImExMmJlYWYifQ%3D%3D\" href='https:\/\/gremioiberico.com\/wp-content\/uploads\/2024\/04\/IMG_4733-min-scaled.jpg'><img loading=\"lazy\" decoding=\"async\" width=\"150\" height=\"150\" src=\"https:\/\/gremioiberico.com\/wp-content\/uploads\/2024\/04\/IMG_4733-min-150x150.jpg\" class=\"attachment-thumbnail size-thumbnail\" alt=\"\" \/><\/a>\n\t\t\t<\/div><\/figure><figure class='gallery-item'>\n\t\t\t<div class='gallery-icon landscape'>\n\t\t\t\t<a data-elementor-open-lightbox=\"yes\" data-elementor-lightbox-slideshow=\"a12beaf\" data-elementor-lightbox-title=\"A vitoriosa ac\u00e7\u00e3o do 25 de Abril de 74 e a Gloriosa Revolu\u00e7\u00e3o POVO-MFA de Abril no Alentejo\" data-e-action-hash=\"#elementor-action%3Aaction%3Dlightbox%26settings%3DeyJpZCI6NzM5LCJ1cmwiOiJodHRwczpcL1wvZ3JlbWlvaWJlcmljby5jb21cL3dwLWNvbnRlbnRcL3VwbG9hZHNcLzIwMjRcLzA0XC9JTUdfNDczNC1taW4tc2NhbGVkLmpwZyIsInNsaWRlc2hvdyI6ImExMmJlYWYifQ%3D%3D\" href='https:\/\/gremioiberico.com\/wp-content\/uploads\/2024\/04\/IMG_4734-min-scaled.jpg'><img loading=\"lazy\" decoding=\"async\" width=\"150\" height=\"150\" src=\"https:\/\/gremioiberico.com\/wp-content\/uploads\/2024\/04\/IMG_4734-min-150x150.jpg\" class=\"attachment-thumbnail size-thumbnail\" alt=\"\" \/><\/a>\n\t\t\t<\/div><\/figure><figure class='gallery-item'>\n\t\t\t<div class='gallery-icon landscape'>\n\t\t\t\t<a data-elementor-open-lightbox=\"yes\" data-elementor-lightbox-slideshow=\"a12beaf\" data-elementor-lightbox-title=\"A vitoriosa ac\u00e7\u00e3o do 25 de Abril de 74 e a Gloriosa Revolu\u00e7\u00e3o POVO-MFA de Abril no Alentejo\" data-e-action-hash=\"#elementor-action%3Aaction%3Dlightbox%26settings%3DeyJpZCI6NzQwLCJ1cmwiOiJodHRwczpcL1wvZ3JlbWlvaWJlcmljby5jb21cL3dwLWNvbnRlbnRcL3VwbG9hZHNcLzIwMjRcLzA0XC9JTUdfNDc3Ny1taW4tc2NhbGVkLmpwZyIsInNsaWRlc2hvdyI6ImExMmJlYWYifQ%3D%3D\" href='https:\/\/gremioiberico.com\/wp-content\/uploads\/2024\/04\/IMG_4777-min-scaled.jpg'><img loading=\"lazy\" decoding=\"async\" width=\"150\" height=\"150\" src=\"https:\/\/gremioiberico.com\/wp-content\/uploads\/2024\/04\/IMG_4777-min-150x150.jpg\" class=\"attachment-thumbnail size-thumbnail\" alt=\"\" \/><\/a>\n\t\t\t<\/div><\/figure><figure class='gallery-item'>\n\t\t\t<div class='gallery-icon landscape'>\n\t\t\t\t<a data-elementor-open-lightbox=\"yes\" data-elementor-lightbox-slideshow=\"a12beaf\" data-elementor-lightbox-title=\"A vitoriosa ac\u00e7\u00e3o do 25 de Abril de 74 e a Gloriosa Revolu\u00e7\u00e3o POVO-MFA de Abril no Alentejo\" data-e-action-hash=\"#elementor-action%3Aaction%3Dlightbox%26settings%3DeyJpZCI6NzQxLCJ1cmwiOiJodHRwczpcL1wvZ3JlbWlvaWJlcmljby5jb21cL3dwLWNvbnRlbnRcL3VwbG9hZHNcLzIwMjRcLzA0XC9JTUdfNDgwNi1taW4tc2NhbGVkLmpwZyIsInNsaWRlc2hvdyI6ImExMmJlYWYifQ%3D%3D\" href='https:\/\/gremioiberico.com\/wp-content\/uploads\/2024\/04\/IMG_4806-min-scaled.jpg'><img loading=\"lazy\" decoding=\"async\" width=\"150\" height=\"150\" src=\"https:\/\/gremioiberico.com\/wp-content\/uploads\/2024\/04\/IMG_4806-min-150x150.jpg\" class=\"attachment-thumbnail size-thumbnail\" alt=\"\" \/><\/a>\n\t\t\t<\/div><\/figure><figure class='gallery-item'>\n\t\t\t<div class='gallery-icon landscape'>\n\t\t\t\t<a data-elementor-open-lightbox=\"yes\" data-elementor-lightbox-slideshow=\"a12beaf\" data-elementor-lightbox-title=\"A vitoriosa ac\u00e7\u00e3o do 25 de Abril de 74 e a Gloriosa Revolu\u00e7\u00e3o POVO-MFA de Abril no Alentejo\" data-e-action-hash=\"#elementor-action%3Aaction%3Dlightbox%26settings%3DeyJpZCI6NzQyLCJ1cmwiOiJodHRwczpcL1wvZ3JlbWlvaWJlcmljby5jb21cL3dwLWNvbnRlbnRcL3VwbG9hZHNcLzIwMjRcLzA0XC9JTUdfNDgxMC1taW4tc2NhbGVkLmpwZyIsInNsaWRlc2hvdyI6ImExMmJlYWYifQ%3D%3D\" href='https:\/\/gremioiberico.com\/wp-content\/uploads\/2024\/04\/IMG_4810-min-scaled.jpg'><img loading=\"lazy\" decoding=\"async\" width=\"150\" height=\"150\" src=\"https:\/\/gremioiberico.com\/wp-content\/uploads\/2024\/04\/IMG_4810-min-150x150.jpg\" class=\"attachment-thumbnail size-thumbnail\" alt=\"\" \/><\/a>\n\t\t\t<\/div><\/figure><figure class='gallery-item'>\n\t\t\t<div class='gallery-icon landscape'>\n\t\t\t\t<a data-elementor-open-lightbox=\"yes\" data-elementor-lightbox-slideshow=\"a12beaf\" data-elementor-lightbox-title=\"A vitoriosa ac\u00e7\u00e3o do 25 de Abril de 74 e a Gloriosa Revolu\u00e7\u00e3o POVO-MFA de Abril no Alentejo\" data-e-action-hash=\"#elementor-action%3Aaction%3Dlightbox%26settings%3DeyJpZCI6NzQzLCJ1cmwiOiJodHRwczpcL1wvZ3JlbWlvaWJlcmljby5jb21cL3dwLWNvbnRlbnRcL3VwbG9hZHNcLzIwMjRcLzA0XC9JTUdfNDgyNC1taW4tc2NhbGVkLmpwZyIsInNsaWRlc2hvdyI6ImExMmJlYWYifQ%3D%3D\" href='https:\/\/gremioiberico.com\/wp-content\/uploads\/2024\/04\/IMG_4824-min-scaled.jpg'><img loading=\"lazy\" decoding=\"async\" width=\"150\" height=\"150\" src=\"https:\/\/gremioiberico.com\/wp-content\/uploads\/2024\/04\/IMG_4824-min-150x150.jpg\" class=\"attachment-thumbnail size-thumbnail\" alt=\"\" \/><\/a>\n\t\t\t<\/div><\/figure>\n\t\t<\/div>\n\t\t<\/div>\n\t\t\t\t\t\t<\/div>\n\t\t\t\t<\/div>\n\t\t\t\t<div class=\"elementor-element elementor-element-3c9e795 elementor-widget elementor-widget-text-editor\" data-id=\"3c9e795\" data-element_type=\"widget\" data-e-type=\"widget\" data-widget_type=\"text-editor.default\">\n\t\t\t\t<div class=\"elementor-widget-container\">\n\t\t\t\t\t\t\t\t\t<p>Fotos de In\u00eas Viriato\/C\u00e2mara Municipal de Ferreira do Alentejo.<\/p>\t\t\t\t\t\t\t\t<\/div>\n\t\t\t\t<\/div>\n\t\t\t\t<div class=\"elementor-element elementor-element-b44c472 elementor-widget-divider--view-line elementor-widget elementor-widget-divider\" data-id=\"b44c472\" data-element_type=\"widget\" data-e-type=\"widget\" data-widget_type=\"divider.default\">\n\t\t\t\t<div class=\"elementor-widget-container\">\n\t\t\t\t\t\t\t<div class=\"elementor-divider\">\n\t\t\t<span class=\"elementor-divider-separator\">\n\t\t\t\t\t\t<\/span>\n\t\t<\/div>\n\t\t\t\t\t\t<\/div>\n\t\t\t\t<\/div>\n\t\t\t\t\t<\/div>\n\t\t<\/div>\n\t\t\t\t\t<\/div>\n\t\t<\/section>\n\t\t\t\t<section class=\"elementor-section elementor-top-section elementor-element elementor-element-4ac7cf6 elementor-section-boxed elementor-section-height-default elementor-section-height-default wpr-particle-no wpr-jarallax-no wpr-parallax-no wpr-sticky-section-no\" data-id=\"4ac7cf6\" data-element_type=\"section\" data-e-type=\"section\">\n\t\t\t\t\t\t<div class=\"elementor-container elementor-column-gap-default\">\n\t\t\t\t\t<div class=\"elementor-column elementor-col-100 elementor-top-column elementor-element elementor-element-c727d76\" data-id=\"c727d76\" data-element_type=\"column\" data-e-type=\"column\">\n\t\t\t<div class=\"elementor-widget-wrap elementor-element-populated\">\n\t\t\t\t\t\t<div class=\"elementor-element elementor-element-2c70a75 elementor-widget elementor-widget-heading\" data-id=\"2c70a75\" data-element_type=\"widget\" data-e-type=\"widget\" data-widget_type=\"heading.default\">\n\t\t\t\t<div class=\"elementor-widget-container\">\n\t\t\t\t\t<h2 class=\"elementor-heading-title elementor-size-default\">19 ABRIL | 21h<\/h2>\t\t\t\t<\/div>\n\t\t\t\t<\/div>\n\t\t\t\t<div class=\"elementor-element elementor-element-c106762 elementor-widget elementor-widget-text-editor\" data-id=\"c106762\" data-element_type=\"widget\" data-e-type=\"widget\" data-widget_type=\"text-editor.default\">\n\t\t\t\t<div class=\"elementor-widget-container\">\n\t\t\t\t\t\t\t\t\t<p>Conversa sobre o tema \u201c<em>A cantiga ainda \u00e9 uma arma?<\/em>\u201d proferida por <strong>Ant\u00f3nio Manuel Ribeiro<\/strong>, seguida da actua\u00e7\u00e3o dos <strong>UHF<\/strong>, no Centro\u00a0Cultural Manuel da Fonseca em Ferreira do Alentejo.<\/p>\t\t\t\t\t\t\t\t<\/div>\n\t\t\t\t<\/div>\n\t\t\t\t<div class=\"elementor-element elementor-element-68c79cc elementor-widget elementor-widget-image\" data-id=\"68c79cc\" data-element_type=\"widget\" data-e-type=\"widget\" data-widget_type=\"image.default\">\n\t\t\t\t<div class=\"elementor-widget-container\">\n\t\t\t\t\t\t\t\t\t\t\t\t\t\t\t<img loading=\"lazy\" decoding=\"async\" width=\"800\" height=\"382\" src=\"https:\/\/gremioiberico.com\/wp-content\/uploads\/2024\/03\/unnamed-3-1024x489.jpg\" class=\"attachment-large size-large wp-image-708\" alt=\"\" srcset=\"https:\/\/gremioiberico.com\/wp-content\/uploads\/2024\/03\/unnamed-3-1024x489.jpg 1024w, https:\/\/gremioiberico.com\/wp-content\/uploads\/2024\/03\/unnamed-3-300x143.jpg 300w, https:\/\/gremioiberico.com\/wp-content\/uploads\/2024\/03\/unnamed-3-768x366.jpg 768w, https:\/\/gremioiberico.com\/wp-content\/uploads\/2024\/03\/unnamed-3-1536x733.jpg 1536w, https:\/\/gremioiberico.com\/wp-content\/uploads\/2024\/03\/unnamed-3-2048x977.jpg 2048w\" sizes=\"(max-width: 800px) 100vw, 800px\" \/>\t\t\t\t\t\t\t\t\t\t\t\t\t\t\t<\/div>\n\t\t\t\t<\/div>\n\t\t\t\t<div class=\"elementor-element elementor-element-cf107b0 elementor-widget elementor-widget-image-gallery\" data-id=\"cf107b0\" data-element_type=\"widget\" data-e-type=\"widget\" data-widget_type=\"image-gallery.default\">\n\t\t\t\t<div class=\"elementor-widget-container\">\n\t\t\t\t\t\t\t<div class=\"elementor-image-gallery\">\n\t\t\t<div id='gallery-4' class='gallery galleryid-439 gallery-columns-4 gallery-size-thumbnail'><figure class='gallery-item'>\n\t\t\t<div class='gallery-icon landscape'>\n\t\t\t\t<a data-elementor-open-lightbox=\"yes\" data-elementor-lightbox-slideshow=\"cf107b0\" data-elementor-lightbox-title=\"UHF\" data-e-action-hash=\"#elementor-action%3Aaction%3Dlightbox%26settings%3DeyJpZCI6NzkzLCJ1cmwiOiJodHRwczpcL1wvZ3JlbWlvaWJlcmljby5jb21cL3dwLWNvbnRlbnRcL3VwbG9hZHNcLzIwMjRcLzA0XC9XaGF0c0FwcC1JbWFnZS0yMDI0LTA0LTE5LWF0LTIxLjMyLjUyLmpwZWciLCJzbGlkZXNob3ciOiJjZjEwN2IwIn0%3D\" href='https:\/\/gremioiberico.com\/wp-content\/uploads\/2024\/04\/WhatsApp-Image-2024-04-19-at-21.32.52.jpeg'><img loading=\"lazy\" decoding=\"async\" width=\"150\" height=\"150\" src=\"https:\/\/gremioiberico.com\/wp-content\/uploads\/2024\/04\/WhatsApp-Image-2024-04-19-at-21.32.52-150x150.jpeg\" class=\"attachment-thumbnail size-thumbnail\" alt=\"\" \/><\/a>\n\t\t\t<\/div><\/figure><figure class='gallery-item'>\n\t\t\t<div class='gallery-icon landscape'>\n\t\t\t\t<a data-elementor-open-lightbox=\"yes\" data-elementor-lightbox-slideshow=\"cf107b0\" data-elementor-lightbox-title=\"UHF\" data-e-action-hash=\"#elementor-action%3Aaction%3Dlightbox%26settings%3DeyJpZCI6Nzk0LCJ1cmwiOiJodHRwczpcL1wvZ3JlbWlvaWJlcmljby5jb21cL3dwLWNvbnRlbnRcL3VwbG9hZHNcLzIwMjRcLzA0XC9XaGF0c0FwcC1JbWFnZS0yMDI0LTA0LTE5LWF0LTIxLjUzLjExLmpwZWciLCJzbGlkZXNob3ciOiJjZjEwN2IwIn0%3D\" href='https:\/\/gremioiberico.com\/wp-content\/uploads\/2024\/04\/WhatsApp-Image-2024-04-19-at-21.53.11.jpeg'><img loading=\"lazy\" decoding=\"async\" width=\"150\" height=\"150\" src=\"https:\/\/gremioiberico.com\/wp-content\/uploads\/2024\/04\/WhatsApp-Image-2024-04-19-at-21.53.11-150x150.jpeg\" class=\"attachment-thumbnail size-thumbnail\" alt=\"\" \/><\/a>\n\t\t\t<\/div><\/figure><figure class='gallery-item'>\n\t\t\t<div class='gallery-icon landscape'>\n\t\t\t\t<a data-elementor-open-lightbox=\"yes\" data-elementor-lightbox-slideshow=\"cf107b0\" data-elementor-lightbox-title=\"IV Ant\u00f3nio Mnauel Ribeiro e os UHF a 19.04.2024 (4)-min\" data-e-action-hash=\"#elementor-action%3Aaction%3Dlightbox%26settings%3DeyJpZCI6ODYxLCJ1cmwiOiJodHRwczpcL1wvZ3JlbWlvaWJlcmljby5jb21cL3dwLWNvbnRlbnRcL3VwbG9hZHNcLzIwMjRcLzA4XC9JVi1BbnRvbmlvLU1uYXVlbC1SaWJlaXJvLWUtb3MtVUhGLWEtMTkuMDQuMjAyNC00LW1pbi1zY2FsZWQuanBnIiwic2xpZGVzaG93IjoiY2YxMDdiMCJ9\" href='https:\/\/gremioiberico.com\/wp-content\/uploads\/2024\/08\/IV-Antonio-Mnauel-Ribeiro-e-os-UHF-a-19.04.2024-4-min-scaled.jpg'><img loading=\"lazy\" decoding=\"async\" width=\"150\" height=\"150\" src=\"https:\/\/gremioiberico.com\/wp-content\/uploads\/2024\/08\/IV-Antonio-Mnauel-Ribeiro-e-os-UHF-a-19.04.2024-4-min-150x150.jpg\" class=\"attachment-thumbnail size-thumbnail\" alt=\"\" \/><\/a>\n\t\t\t<\/div><\/figure><figure class='gallery-item'>\n\t\t\t<div class='gallery-icon landscape'>\n\t\t\t\t<a data-elementor-open-lightbox=\"yes\" data-elementor-lightbox-slideshow=\"cf107b0\" data-elementor-lightbox-title=\"IV Ant\u00f3nio Mnauel Ribeiro e os UHF a 19.04.2024 (19)-min\" data-e-action-hash=\"#elementor-action%3Aaction%3Dlightbox%26settings%3DeyJpZCI6ODYyLCJ1cmwiOiJodHRwczpcL1wvZ3JlbWlvaWJlcmljby5jb21cL3dwLWNvbnRlbnRcL3VwbG9hZHNcLzIwMjRcLzA4XC9JVi1BbnRvbmlvLU1uYXVlbC1SaWJlaXJvLWUtb3MtVUhGLWEtMTkuMDQuMjAyNC0xOS1taW4tc2NhbGVkLmpwZyIsInNsaWRlc2hvdyI6ImNmMTA3YjAifQ%3D%3D\" href='https:\/\/gremioiberico.com\/wp-content\/uploads\/2024\/08\/IV-Antonio-Mnauel-Ribeiro-e-os-UHF-a-19.04.2024-19-min-scaled.jpg'><img loading=\"lazy\" decoding=\"async\" width=\"150\" height=\"150\" src=\"https:\/\/gremioiberico.com\/wp-content\/uploads\/2024\/08\/IV-Antonio-Mnauel-Ribeiro-e-os-UHF-a-19.04.2024-19-min-150x150.jpg\" class=\"attachment-thumbnail size-thumbnail\" alt=\"\" \/><\/a>\n\t\t\t<\/div><\/figure><figure class='gallery-item'>\n\t\t\t<div class='gallery-icon landscape'>\n\t\t\t\t<a data-elementor-open-lightbox=\"yes\" data-elementor-lightbox-slideshow=\"cf107b0\" data-elementor-lightbox-title=\"IV Ant\u00f3nio Mnauel Ribeiro e os UHF a 19.04.2024 (24)-min\" data-e-action-hash=\"#elementor-action%3Aaction%3Dlightbox%26settings%3DeyJpZCI6ODYzLCJ1cmwiOiJodHRwczpcL1wvZ3JlbWlvaWJlcmljby5jb21cL3dwLWNvbnRlbnRcL3VwbG9hZHNcLzIwMjRcLzA4XC9JVi1BbnRvbmlvLU1uYXVlbC1SaWJlaXJvLWUtb3MtVUhGLWEtMTkuMDQuMjAyNC0yNC1taW4tc2NhbGVkLmpwZyIsInNsaWRlc2hvdyI6ImNmMTA3YjAifQ%3D%3D\" href='https:\/\/gremioiberico.com\/wp-content\/uploads\/2024\/08\/IV-Antonio-Mnauel-Ribeiro-e-os-UHF-a-19.04.2024-24-min-scaled.jpg'><img loading=\"lazy\" decoding=\"async\" width=\"150\" height=\"150\" src=\"https:\/\/gremioiberico.com\/wp-content\/uploads\/2024\/08\/IV-Antonio-Mnauel-Ribeiro-e-os-UHF-a-19.04.2024-24-min-150x150.jpg\" class=\"attachment-thumbnail size-thumbnail\" alt=\"\" \/><\/a>\n\t\t\t<\/div><\/figure><figure class='gallery-item'>\n\t\t\t<div class='gallery-icon landscape'>\n\t\t\t\t<a data-elementor-open-lightbox=\"yes\" data-elementor-lightbox-slideshow=\"cf107b0\" data-elementor-lightbox-title=\"IV Ant\u00f3nio Mnauel Ribeiro e os UHF a 19.04.2024 (23)-min\" data-e-action-hash=\"#elementor-action%3Aaction%3Dlightbox%26settings%3DeyJpZCI6ODY0LCJ1cmwiOiJodHRwczpcL1wvZ3JlbWlvaWJlcmljby5jb21cL3dwLWNvbnRlbnRcL3VwbG9hZHNcLzIwMjRcLzA4XC9JVi1BbnRvbmlvLU1uYXVlbC1SaWJlaXJvLWUtb3MtVUhGLWEtMTkuMDQuMjAyNC0yMy1taW4tc2NhbGVkLmpwZyIsInNsaWRlc2hvdyI6ImNmMTA3YjAifQ%3D%3D\" href='https:\/\/gremioiberico.com\/wp-content\/uploads\/2024\/08\/IV-Antonio-Mnauel-Ribeiro-e-os-UHF-a-19.04.2024-23-min-scaled.jpg'><img loading=\"lazy\" decoding=\"async\" width=\"150\" height=\"150\" src=\"https:\/\/gremioiberico.com\/wp-content\/uploads\/2024\/08\/IV-Antonio-Mnauel-Ribeiro-e-os-UHF-a-19.04.2024-23-min-150x150.jpg\" class=\"attachment-thumbnail size-thumbnail\" alt=\"\" \/><\/a>\n\t\t\t<\/div><\/figure>\n\t\t<\/div>\n\t\t<\/div>\n\t\t\t\t\t\t<\/div>\n\t\t\t\t<\/div>\n\t\t\t\t<div class=\"elementor-element elementor-element-2095bd5 elementor-widget elementor-widget-text-editor\" data-id=\"2095bd5\" data-element_type=\"widget\" data-e-type=\"widget\" data-widget_type=\"text-editor.default\">\n\t\t\t\t<div class=\"elementor-widget-container\">\n\t\t\t\t\t\t\t\t\t<p>Fotos de In\u00eas Viriato\/C\u00e2mara Municipal de Ferreira do Alentejo.<\/p>\t\t\t\t\t\t\t\t<\/div>\n\t\t\t\t<\/div>\n\t\t\t\t<div class=\"elementor-element elementor-element-5bceaf1 elementor-widget-divider--view-line elementor-widget elementor-widget-divider\" data-id=\"5bceaf1\" data-element_type=\"widget\" data-e-type=\"widget\" data-widget_type=\"divider.default\">\n\t\t\t\t<div class=\"elementor-widget-container\">\n\t\t\t\t\t\t\t<div class=\"elementor-divider\">\n\t\t\t<span class=\"elementor-divider-separator\">\n\t\t\t\t\t\t<\/span>\n\t\t<\/div>\n\t\t\t\t\t\t<\/div>\n\t\t\t\t<\/div>\n\t\t\t\t\t<\/div>\n\t\t<\/div>\n\t\t\t\t\t<\/div>\n\t\t<\/section>\n\t\t\t\t<section class=\"elementor-section elementor-top-section elementor-element elementor-element-68c3ca3 elementor-section-boxed elementor-section-height-default elementor-section-height-default wpr-particle-no wpr-jarallax-no wpr-parallax-no wpr-sticky-section-no\" data-id=\"68c3ca3\" data-element_type=\"section\" data-e-type=\"section\">\n\t\t\t\t\t\t<div class=\"elementor-container elementor-column-gap-default\">\n\t\t\t\t\t<div class=\"elementor-column elementor-col-100 elementor-top-column elementor-element elementor-element-11ff5f0\" data-id=\"11ff5f0\" data-element_type=\"column\" data-e-type=\"column\">\n\t\t\t<div class=\"elementor-widget-wrap elementor-element-populated\">\n\t\t\t\t\t\t<div class=\"elementor-element elementor-element-9f67a42 elementor-widget elementor-widget-heading\" data-id=\"9f67a42\" data-element_type=\"widget\" data-e-type=\"widget\" data-widget_type=\"heading.default\">\n\t\t\t\t<div class=\"elementor-widget-container\">\n\t\t\t\t\t<h2 class=\"elementor-heading-title elementor-size-default\">12 AGOSTO | 18h<\/h2>\t\t\t\t<\/div>\n\t\t\t\t<\/div>\n\t\t\t\t<div class=\"elementor-element elementor-element-bfe8220 elementor-widget elementor-widget-text-editor\" data-id=\"bfe8220\" data-element_type=\"widget\" data-e-type=\"widget\" data-widget_type=\"text-editor.default\">\n\t\t\t\t<div class=\"elementor-widget-container\">\n\t\t\t\t\t\t\t\t\t<p>\u201c<em>12 Dias com os M\u00e1rtires do Sil\u00eancio<\/em>\u201d: Inaugura\u00e7\u00e3o da exposi\u00e7\u00e3o fotogr\u00e1fica de <strong>In\u00e1cio Ludgero<\/strong>, na Universidade Popular de Ferreira do Alentejo.<br \/>A exposi\u00e7\u00e3o que conta a hist\u00f3ria do referendo em Timor-Leste, 25 anos depois <em>(31-08-1999)<\/em>, com a confer\u00eancia \u201c<em>O referendo em Timor passados 25 anos<\/em>\u201d proferida pela <strong>Embaixadora Ana Gomes<\/strong>.<\/p>\t\t\t\t\t\t\t\t<\/div>\n\t\t\t\t<\/div>\n\t\t\t\t<div class=\"elementor-element elementor-element-8f20254 elementor-widget elementor-widget-image\" data-id=\"8f20254\" data-element_type=\"widget\" data-e-type=\"widget\" data-widget_type=\"image.default\">\n\t\t\t\t<div class=\"elementor-widget-container\">\n\t\t\t\t\t\t\t\t\t\t\t\t\t\t\t<img loading=\"lazy\" decoding=\"async\" width=\"768\" height=\"1183\" src=\"https:\/\/gremioiberico.com\/wp-content\/uploads\/2024\/08\/Captura-de-ecra-2024-08-22-as-19.45.16-768x1183.png\" class=\"attachment-medium_large size-medium_large wp-image-845\" alt=\"\" srcset=\"https:\/\/gremioiberico.com\/wp-content\/uploads\/2024\/08\/Captura-de-ecra-2024-08-22-as-19.45.16-768x1183.png 768w, https:\/\/gremioiberico.com\/wp-content\/uploads\/2024\/08\/Captura-de-ecra-2024-08-22-as-19.45.16-195x300.png 195w, https:\/\/gremioiberico.com\/wp-content\/uploads\/2024\/08\/Captura-de-ecra-2024-08-22-as-19.45.16-665x1024.png 665w, https:\/\/gremioiberico.com\/wp-content\/uploads\/2024\/08\/Captura-de-ecra-2024-08-22-as-19.45.16-998x1536.png 998w, https:\/\/gremioiberico.com\/wp-content\/uploads\/2024\/08\/Captura-de-ecra-2024-08-22-as-19.45.16.png 1182w\" sizes=\"(max-width: 768px) 100vw, 768px\" \/>\t\t\t\t\t\t\t\t\t\t\t\t\t\t\t<\/div>\n\t\t\t\t<\/div>\n\t\t\t\t<div class=\"elementor-element elementor-element-cf1364f elementor-widget elementor-widget-image-gallery\" data-id=\"cf1364f\" data-element_type=\"widget\" data-e-type=\"widget\" data-widget_type=\"image-gallery.default\">\n\t\t\t\t<div class=\"elementor-widget-container\">\n\t\t\t\t\t\t\t<div class=\"elementor-image-gallery\">\n\t\t\t<div id='gallery-5' class='gallery galleryid-439 gallery-columns-4 gallery-size-thumbnail'><figure class='gallery-item'>\n\t\t\t<div class='gallery-icon landscape'>\n\t\t\t\t<a data-elementor-open-lightbox=\"yes\" data-elementor-lightbox-slideshow=\"cf1364f\" data-elementor-lightbox-title=\"IV Timor em Ferreira, a 09.08.2024 (12)-min\" data-e-action-hash=\"#elementor-action%3Aaction%3Dlightbox%26settings%3DeyJpZCI6ODQ5LCJ1cmwiOiJodHRwczpcL1wvZ3JlbWlvaWJlcmljby5jb21cL3dwLWNvbnRlbnRcL3VwbG9hZHNcLzIwMjRcLzA4XC9JVi1UaW1vci1lbS1GZXJyZWlyYS1hLTA5LjA4LjIwMjQtMTItbWluLXNjYWxlZC5qcGciLCJzbGlkZXNob3ciOiJjZjEzNjRmIn0%3D\" href='https:\/\/gremioiberico.com\/wp-content\/uploads\/2024\/08\/IV-Timor-em-Ferreira-a-09.08.2024-12-min-scaled.jpg'><img loading=\"lazy\" decoding=\"async\" width=\"150\" height=\"150\" src=\"https:\/\/gremioiberico.com\/wp-content\/uploads\/2024\/08\/IV-Timor-em-Ferreira-a-09.08.2024-12-min-150x150.jpg\" class=\"attachment-thumbnail size-thumbnail\" alt=\"\" aria-describedby=\"gallery-5-849\" \/><\/a>\n\t\t\t<\/div>\n\t\t\t\t<figcaption class='wp-caption-text gallery-caption' id='gallery-5-849'>\n\t\t\t\tFotos &#8211; In\u00eas Viriato\n\t\t\t\t<\/figcaption><\/figure><figure class='gallery-item'>\n\t\t\t<div class='gallery-icon landscape'>\n\t\t\t\t<a data-elementor-open-lightbox=\"yes\" data-elementor-lightbox-slideshow=\"cf1364f\" data-elementor-lightbox-title=\"IV Timor em Ferreira, a 09.08.2024 (15)-min\" data-e-action-hash=\"#elementor-action%3Aaction%3Dlightbox%26settings%3DeyJpZCI6ODUwLCJ1cmwiOiJodHRwczpcL1wvZ3JlbWlvaWJlcmljby5jb21cL3dwLWNvbnRlbnRcL3VwbG9hZHNcLzIwMjRcLzA4XC9JVi1UaW1vci1lbS1GZXJyZWlyYS1hLTA5LjA4LjIwMjQtMTUtbWluLXNjYWxlZC5qcGciLCJzbGlkZXNob3ciOiJjZjEzNjRmIn0%3D\" href='https:\/\/gremioiberico.com\/wp-content\/uploads\/2024\/08\/IV-Timor-em-Ferreira-a-09.08.2024-15-min-scaled.jpg'><img loading=\"lazy\" decoding=\"async\" width=\"150\" height=\"150\" src=\"https:\/\/gremioiberico.com\/wp-content\/uploads\/2024\/08\/IV-Timor-em-Ferreira-a-09.08.2024-15-min-150x150.jpg\" class=\"attachment-thumbnail size-thumbnail\" alt=\"\" aria-describedby=\"gallery-5-850\" \/><\/a>\n\t\t\t<\/div>\n\t\t\t\t<figcaption class='wp-caption-text gallery-caption' id='gallery-5-850'>\n\t\t\t\tFotos &#8211; In\u00eas Viriato\n\t\t\t\t<\/figcaption><\/figure><figure class='gallery-item'>\n\t\t\t<div class='gallery-icon landscape'>\n\t\t\t\t<a data-elementor-open-lightbox=\"yes\" data-elementor-lightbox-slideshow=\"cf1364f\" data-elementor-lightbox-title=\"IV Timor em Ferreira, a 09.08.2024 (17)-min\" data-e-action-hash=\"#elementor-action%3Aaction%3Dlightbox%26settings%3DeyJpZCI6ODUxLCJ1cmwiOiJodHRwczpcL1wvZ3JlbWlvaWJlcmljby5jb21cL3dwLWNvbnRlbnRcL3VwbG9hZHNcLzIwMjRcLzA4XC9JVi1UaW1vci1lbS1GZXJyZWlyYS1hLTA5LjA4LjIwMjQtMTctbWluLXNjYWxlZC5qcGciLCJzbGlkZXNob3ciOiJjZjEzNjRmIn0%3D\" href='https:\/\/gremioiberico.com\/wp-content\/uploads\/2024\/08\/IV-Timor-em-Ferreira-a-09.08.2024-17-min-scaled.jpg'><img loading=\"lazy\" decoding=\"async\" width=\"150\" height=\"150\" src=\"https:\/\/gremioiberico.com\/wp-content\/uploads\/2024\/08\/IV-Timor-em-Ferreira-a-09.08.2024-17-min-150x150.jpg\" class=\"attachment-thumbnail size-thumbnail\" alt=\"\" aria-describedby=\"gallery-5-851\" \/><\/a>\n\t\t\t<\/div>\n\t\t\t\t<figcaption class='wp-caption-text gallery-caption' id='gallery-5-851'>\n\t\t\t\tFotos &#8211; In\u00eas Viriato\n\t\t\t\t<\/figcaption><\/figure><figure class='gallery-item'>\n\t\t\t<div class='gallery-icon landscape'>\n\t\t\t\t<a data-elementor-open-lightbox=\"yes\" data-elementor-lightbox-slideshow=\"cf1364f\" data-elementor-lightbox-title=\"IV Timor em Ferreira, a 09.08.2024 (20)-min\" data-e-action-hash=\"#elementor-action%3Aaction%3Dlightbox%26settings%3DeyJpZCI6ODUyLCJ1cmwiOiJodHRwczpcL1wvZ3JlbWlvaWJlcmljby5jb21cL3dwLWNvbnRlbnRcL3VwbG9hZHNcLzIwMjRcLzA4XC9JVi1UaW1vci1lbS1GZXJyZWlyYS1hLTA5LjA4LjIwMjQtMjAtbWluLXNjYWxlZC5qcGciLCJzbGlkZXNob3ciOiJjZjEzNjRmIn0%3D\" href='https:\/\/gremioiberico.com\/wp-content\/uploads\/2024\/08\/IV-Timor-em-Ferreira-a-09.08.2024-20-min-scaled.jpg'><img loading=\"lazy\" decoding=\"async\" width=\"150\" height=\"150\" src=\"https:\/\/gremioiberico.com\/wp-content\/uploads\/2024\/08\/IV-Timor-em-Ferreira-a-09.08.2024-20-min-150x150.jpg\" class=\"attachment-thumbnail size-thumbnail\" alt=\"\" aria-describedby=\"gallery-5-852\" \/><\/a>\n\t\t\t<\/div>\n\t\t\t\t<figcaption class='wp-caption-text gallery-caption' id='gallery-5-852'>\n\t\t\t\tFotos &#8211; In\u00eas Viriato\n\t\t\t\t<\/figcaption><\/figure><figure class='gallery-item'>\n\t\t\t<div class='gallery-icon landscape'>\n\t\t\t\t<a data-elementor-open-lightbox=\"yes\" data-elementor-lightbox-slideshow=\"cf1364f\" data-elementor-lightbox-title=\"IV Timor em Ferreira, a 09.08.2024 (21)-min\" data-e-action-hash=\"#elementor-action%3Aaction%3Dlightbox%26settings%3DeyJpZCI6ODUzLCJ1cmwiOiJodHRwczpcL1wvZ3JlbWlvaWJlcmljby5jb21cL3dwLWNvbnRlbnRcL3VwbG9hZHNcLzIwMjRcLzA4XC9JVi1UaW1vci1lbS1GZXJyZWlyYS1hLTA5LjA4LjIwMjQtMjEtbWluLXNjYWxlZC5qcGciLCJzbGlkZXNob3ciOiJjZjEzNjRmIn0%3D\" href='https:\/\/gremioiberico.com\/wp-content\/uploads\/2024\/08\/IV-Timor-em-Ferreira-a-09.08.2024-21-min-scaled.jpg'><img loading=\"lazy\" decoding=\"async\" width=\"150\" height=\"150\" src=\"https:\/\/gremioiberico.com\/wp-content\/uploads\/2024\/08\/IV-Timor-em-Ferreira-a-09.08.2024-21-min-150x150.jpg\" class=\"attachment-thumbnail size-thumbnail\" alt=\"\" aria-describedby=\"gallery-5-853\" \/><\/a>\n\t\t\t<\/div>\n\t\t\t\t<figcaption class='wp-caption-text gallery-caption' id='gallery-5-853'>\n\t\t\t\tFotos &#8211; In\u00eas Viriato\n\t\t\t\t<\/figcaption><\/figure><figure class='gallery-item'>\n\t\t\t<div class='gallery-icon landscape'>\n\t\t\t\t<a data-elementor-open-lightbox=\"yes\" data-elementor-lightbox-slideshow=\"cf1364f\" data-elementor-lightbox-title=\"IV Timor em Ferreira, a 09.08.2024 (23)-min\" data-e-action-hash=\"#elementor-action%3Aaction%3Dlightbox%26settings%3DeyJpZCI6ODU0LCJ1cmwiOiJodHRwczpcL1wvZ3JlbWlvaWJlcmljby5jb21cL3dwLWNvbnRlbnRcL3VwbG9hZHNcLzIwMjRcLzA4XC9JVi1UaW1vci1lbS1GZXJyZWlyYS1hLTA5LjA4LjIwMjQtMjMtbWluLXNjYWxlZC5qcGciLCJzbGlkZXNob3ciOiJjZjEzNjRmIn0%3D\" href='https:\/\/gremioiberico.com\/wp-content\/uploads\/2024\/08\/IV-Timor-em-Ferreira-a-09.08.2024-23-min-scaled.jpg'><img loading=\"lazy\" decoding=\"async\" width=\"150\" height=\"150\" src=\"https:\/\/gremioiberico.com\/wp-content\/uploads\/2024\/08\/IV-Timor-em-Ferreira-a-09.08.2024-23-min-150x150.jpg\" class=\"attachment-thumbnail size-thumbnail\" alt=\"\" aria-describedby=\"gallery-5-854\" \/><\/a>\n\t\t\t<\/div>\n\t\t\t\t<figcaption class='wp-caption-text gallery-caption' id='gallery-5-854'>\n\t\t\t\tFotos &#8211; In\u00eas Viriato\n\t\t\t\t<\/figcaption><\/figure><figure class='gallery-item'>\n\t\t\t<div class='gallery-icon landscape'>\n\t\t\t\t<a data-elementor-open-lightbox=\"yes\" data-elementor-lightbox-slideshow=\"cf1364f\" data-elementor-lightbox-title=\"IV Timor em Ferreira, a 09.08.2024 (25)-min\" data-e-action-hash=\"#elementor-action%3Aaction%3Dlightbox%26settings%3DeyJpZCI6ODU1LCJ1cmwiOiJodHRwczpcL1wvZ3JlbWlvaWJlcmljby5jb21cL3dwLWNvbnRlbnRcL3VwbG9hZHNcLzIwMjRcLzA4XC9JVi1UaW1vci1lbS1GZXJyZWlyYS1hLTA5LjA4LjIwMjQtMjUtbWluLXNjYWxlZC5qcGciLCJzbGlkZXNob3ciOiJjZjEzNjRmIn0%3D\" href='https:\/\/gremioiberico.com\/wp-content\/uploads\/2024\/08\/IV-Timor-em-Ferreira-a-09.08.2024-25-min-scaled.jpg'><img loading=\"lazy\" decoding=\"async\" width=\"150\" height=\"150\" src=\"https:\/\/gremioiberico.com\/wp-content\/uploads\/2024\/08\/IV-Timor-em-Ferreira-a-09.08.2024-25-min-150x150.jpg\" class=\"attachment-thumbnail size-thumbnail\" alt=\"\" aria-describedby=\"gallery-5-855\" \/><\/a>\n\t\t\t<\/div>\n\t\t\t\t<figcaption class='wp-caption-text gallery-caption' id='gallery-5-855'>\n\t\t\t\tFotos &#8211; In\u00eas Viriato\n\t\t\t\t<\/figcaption><\/figure><figure class='gallery-item'>\n\t\t\t<div class='gallery-icon landscape'>\n\t\t\t\t<a data-elementor-open-lightbox=\"yes\" data-elementor-lightbox-slideshow=\"cf1364f\" data-elementor-lightbox-title=\"IV Timor em Ferreira, a 09.08.2024 (27)-min\" data-e-action-hash=\"#elementor-action%3Aaction%3Dlightbox%26settings%3DeyJpZCI6ODU2LCJ1cmwiOiJodHRwczpcL1wvZ3JlbWlvaWJlcmljby5jb21cL3dwLWNvbnRlbnRcL3VwbG9hZHNcLzIwMjRcLzA4XC9JVi1UaW1vci1lbS1GZXJyZWlyYS1hLTA5LjA4LjIwMjQtMjctbWluLXNjYWxlZC5qcGciLCJzbGlkZXNob3ciOiJjZjEzNjRmIn0%3D\" href='https:\/\/gremioiberico.com\/wp-content\/uploads\/2024\/08\/IV-Timor-em-Ferreira-a-09.08.2024-27-min-scaled.jpg'><img loading=\"lazy\" decoding=\"async\" width=\"150\" height=\"150\" src=\"https:\/\/gremioiberico.com\/wp-content\/uploads\/2024\/08\/IV-Timor-em-Ferreira-a-09.08.2024-27-min-150x150.jpg\" class=\"attachment-thumbnail size-thumbnail\" alt=\"\" aria-describedby=\"gallery-5-856\" \/><\/a>\n\t\t\t<\/div>\n\t\t\t\t<figcaption class='wp-caption-text gallery-caption' id='gallery-5-856'>\n\t\t\t\tFotos &#8211; In\u00eas Viriato\n\t\t\t\t<\/figcaption><\/figure>\n\t\t<\/div>\n\t\t<\/div>\n\t\t\t\t\t\t<\/div>\n\t\t\t\t<\/div>\n\t\t\t\t<div class=\"elementor-element elementor-element-2915b78 elementor-widget elementor-widget-text-editor\" data-id=\"2915b78\" data-element_type=\"widget\" data-e-type=\"widget\" data-widget_type=\"text-editor.default\">\n\t\t\t\t<div class=\"elementor-widget-container\">\n\t\t\t\t\t\t\t\t\t<p>Fotos de In\u00eas Viriato\/C\u00e2mara Municipal de Ferreira do Alentejo.<\/p>\t\t\t\t\t\t\t\t<\/div>\n\t\t\t\t<\/div>\n\t\t\t\t<div class=\"elementor-element elementor-element-8b20455 elementor-widget-divider--view-line elementor-widget elementor-widget-divider\" data-id=\"8b20455\" data-element_type=\"widget\" data-e-type=\"widget\" data-widget_type=\"divider.default\">\n\t\t\t\t<div class=\"elementor-widget-container\">\n\t\t\t\t\t\t\t<div class=\"elementor-divider\">\n\t\t\t<span class=\"elementor-divider-separator\">\n\t\t\t\t\t\t<\/span>\n\t\t<\/div>\n\t\t\t\t\t\t<\/div>\n\t\t\t\t<\/div>\n\t\t\t\t\t<\/div>\n\t\t<\/div>\n\t\t\t\t\t<\/div>\n\t\t<\/section>\n\t\t\t\t<section class=\"elementor-section elementor-top-section elementor-element elementor-element-94456d1 elementor-section-boxed elementor-section-height-default elementor-section-height-default wpr-particle-no wpr-jarallax-no wpr-parallax-no wpr-sticky-section-no\" data-id=\"94456d1\" data-element_type=\"section\" data-e-type=\"section\">\n\t\t\t\t\t\t<div class=\"elementor-container elementor-column-gap-default\">\n\t\t\t\t\t<div class=\"elementor-column elementor-col-100 elementor-top-column elementor-element elementor-element-5fc1a0d\" data-id=\"5fc1a0d\" data-element_type=\"column\" data-e-type=\"column\">\n\t\t\t<div class=\"elementor-widget-wrap elementor-element-populated\">\n\t\t\t\t\t\t<div class=\"elementor-element elementor-element-25b470c elementor-widget elementor-widget-heading\" data-id=\"25b470c\" data-element_type=\"widget\" data-e-type=\"widget\" data-widget_type=\"heading.default\">\n\t\t\t\t<div class=\"elementor-widget-container\">\n\t\t\t\t\t<h2 class=\"elementor-heading-title elementor-size-default\">11 OUTOBRO | 21h<\/h2>\t\t\t\t<\/div>\n\t\t\t\t<\/div>\n\t\t\t\t<div class=\"elementor-element elementor-element-39e2d1c elementor-widget elementor-widget-text-editor\" data-id=\"39e2d1c\" data-element_type=\"widget\" data-e-type=\"widget\" data-widget_type=\"text-editor.default\">\n\t\t\t\t<div class=\"elementor-widget-container\">\n\t\t\t\t\t\t\t\t\t<p>Conversa sobre o tema \u201c<em>A Europa: essa desconhecida!<\/em>\u201d proferida pelo <strong>Dr. Jos\u00e9 Pacheco Pereira<\/strong>, na Universidade Popular de Ferreira do Alentejo.<\/p>\t\t\t\t\t\t\t\t<\/div>\n\t\t\t\t<\/div>\n\t\t\t\t<div class=\"elementor-element elementor-element-745d610 elementor-widget elementor-widget-image\" data-id=\"745d610\" data-element_type=\"widget\" data-e-type=\"widget\" data-widget_type=\"image.default\">\n\t\t\t\t<div class=\"elementor-widget-container\">\n\t\t\t\t\t\t\t\t\t\t\t\t\t\t\t<img loading=\"lazy\" decoding=\"async\" width=\"800\" height=\"531\" src=\"https:\/\/gremioiberico.com\/wp-content\/uploads\/2024\/10\/site_jose_pacheco_pereira-1024x680.png\" class=\"attachment-large size-large wp-image-986\" alt=\"\" srcset=\"https:\/\/gremioiberico.com\/wp-content\/uploads\/2024\/10\/site_jose_pacheco_pereira-1024x680.png 1024w, https:\/\/gremioiberico.com\/wp-content\/uploads\/2024\/10\/site_jose_pacheco_pereira-300x199.png 300w, https:\/\/gremioiberico.com\/wp-content\/uploads\/2024\/10\/site_jose_pacheco_pereira-768x510.png 768w, https:\/\/gremioiberico.com\/wp-content\/uploads\/2024\/10\/site_jose_pacheco_pereira-1536x1019.png 1536w, https:\/\/gremioiberico.com\/wp-content\/uploads\/2024\/10\/site_jose_pacheco_pereira.png 1567w\" sizes=\"(max-width: 800px) 100vw, 800px\" \/>\t\t\t\t\t\t\t\t\t\t\t\t\t\t\t<\/div>\n\t\t\t\t<\/div>\n\t\t\t\t<div class=\"elementor-element elementor-element-711c75e elementor-widget elementor-widget-image-gallery\" data-id=\"711c75e\" data-element_type=\"widget\" data-e-type=\"widget\" data-widget_type=\"image-gallery.default\">\n\t\t\t\t<div class=\"elementor-widget-container\">\n\t\t\t\t\t\t\t<div class=\"elementor-image-gallery\">\n\t\t\t<div id='gallery-6' class='gallery galleryid-439 gallery-columns-4 gallery-size-thumbnail'><figure class='gallery-item'>\n\t\t\t<div class='gallery-icon landscape'>\n\t\t\t\t<a data-elementor-open-lightbox=\"yes\" data-elementor-lightbox-slideshow=\"711c75e\" data-elementor-lightbox-title=\"WhatsApp Image 2024-11-12 at 17.30.13\" data-e-action-hash=\"#elementor-action%3Aaction%3Dlightbox%26settings%3DeyJpZCI6MTAyNSwidXJsIjoiaHR0cHM6XC9cL2dyZW1pb2liZXJpY28uY29tXC93cC1jb250ZW50XC91cGxvYWRzXC8yMDI0XC8xMVwvV2hhdHNBcHAtSW1hZ2UtMjAyNC0xMS0xMi1hdC0xNy4zMC4xMy5qcGVnIiwic2xpZGVzaG93IjoiNzExYzc1ZSJ9\" href='https:\/\/gremioiberico.com\/wp-content\/uploads\/2024\/11\/WhatsApp-Image-2024-11-12-at-17.30.13.jpeg'><img loading=\"lazy\" decoding=\"async\" width=\"150\" height=\"150\" src=\"https:\/\/gremioiberico.com\/wp-content\/uploads\/2024\/11\/WhatsApp-Image-2024-11-12-at-17.30.13-150x150.jpeg\" class=\"attachment-thumbnail size-thumbnail\" alt=\"\" \/><\/a>\n\t\t\t<\/div><\/figure><figure class='gallery-item'>\n\t\t\t<div class='gallery-icon landscape'>\n\t\t\t\t<a data-elementor-open-lightbox=\"yes\" data-elementor-lightbox-slideshow=\"711c75e\" data-elementor-lightbox-title=\"WhatsApp Image 2024-11-12 at 17.30.15-3\" data-e-action-hash=\"#elementor-action%3Aaction%3Dlightbox%26settings%3DeyJpZCI6MTAyNiwidXJsIjoiaHR0cHM6XC9cL2dyZW1pb2liZXJpY28uY29tXC93cC1jb250ZW50XC91cGxvYWRzXC8yMDI0XC8xMVwvV2hhdHNBcHAtSW1hZ2UtMjAyNC0xMS0xMi1hdC0xNy4zMC4xNS0zLmpwZWciLCJzbGlkZXNob3ciOiI3MTFjNzVlIn0%3D\" href='https:\/\/gremioiberico.com\/wp-content\/uploads\/2024\/11\/WhatsApp-Image-2024-11-12-at-17.30.15-3.jpeg'><img loading=\"lazy\" decoding=\"async\" width=\"150\" height=\"150\" src=\"https:\/\/gremioiberico.com\/wp-content\/uploads\/2024\/11\/WhatsApp-Image-2024-11-12-at-17.30.15-3-150x150.jpeg\" class=\"attachment-thumbnail size-thumbnail\" alt=\"\" \/><\/a>\n\t\t\t<\/div><\/figure><figure class='gallery-item'>\n\t\t\t<div class='gallery-icon landscape'>\n\t\t\t\t<a data-elementor-open-lightbox=\"yes\" data-elementor-lightbox-slideshow=\"711c75e\" data-elementor-lightbox-title=\"WhatsApp Image 2024-11-12 at 17.30.15-2\" data-e-action-hash=\"#elementor-action%3Aaction%3Dlightbox%26settings%3DeyJpZCI6MTAyNywidXJsIjoiaHR0cHM6XC9cL2dyZW1pb2liZXJpY28uY29tXC93cC1jb250ZW50XC91cGxvYWRzXC8yMDI0XC8xMVwvV2hhdHNBcHAtSW1hZ2UtMjAyNC0xMS0xMi1hdC0xNy4zMC4xNS0yLmpwZWciLCJzbGlkZXNob3ciOiI3MTFjNzVlIn0%3D\" href='https:\/\/gremioiberico.com\/wp-content\/uploads\/2024\/11\/WhatsApp-Image-2024-11-12-at-17.30.15-2.jpeg'><img loading=\"lazy\" decoding=\"async\" width=\"150\" height=\"150\" src=\"https:\/\/gremioiberico.com\/wp-content\/uploads\/2024\/11\/WhatsApp-Image-2024-11-12-at-17.30.15-2-150x150.jpeg\" class=\"attachment-thumbnail size-thumbnail\" alt=\"\" \/><\/a>\n\t\t\t<\/div><\/figure><figure class='gallery-item'>\n\t\t\t<div class='gallery-icon landscape'>\n\t\t\t\t<a data-elementor-open-lightbox=\"yes\" data-elementor-lightbox-slideshow=\"711c75e\" data-elementor-lightbox-title=\"WhatsApp Image 2024-11-12 at 17.30.15\" data-e-action-hash=\"#elementor-action%3Aaction%3Dlightbox%26settings%3DeyJpZCI6MTAyOCwidXJsIjoiaHR0cHM6XC9cL2dyZW1pb2liZXJpY28uY29tXC93cC1jb250ZW50XC91cGxvYWRzXC8yMDI0XC8xMVwvV2hhdHNBcHAtSW1hZ2UtMjAyNC0xMS0xMi1hdC0xNy4zMC4xNS5qcGVnIiwic2xpZGVzaG93IjoiNzExYzc1ZSJ9\" href='https:\/\/gremioiberico.com\/wp-content\/uploads\/2024\/11\/WhatsApp-Image-2024-11-12-at-17.30.15.jpeg'><img loading=\"lazy\" decoding=\"async\" width=\"150\" height=\"150\" src=\"https:\/\/gremioiberico.com\/wp-content\/uploads\/2024\/11\/WhatsApp-Image-2024-11-12-at-17.30.15-150x150.jpeg\" class=\"attachment-thumbnail size-thumbnail\" alt=\"\" \/><\/a>\n\t\t\t<\/div><\/figure><figure class='gallery-item'>\n\t\t\t<div class='gallery-icon landscape'>\n\t\t\t\t<a data-elementor-open-lightbox=\"yes\" data-elementor-lightbox-slideshow=\"711c75e\" data-elementor-lightbox-title=\"WhatsApp Image 2024-11-12 at 17.30.13-2\" data-e-action-hash=\"#elementor-action%3Aaction%3Dlightbox%26settings%3DeyJpZCI6MTAyOSwidXJsIjoiaHR0cHM6XC9cL2dyZW1pb2liZXJpY28uY29tXC93cC1jb250ZW50XC91cGxvYWRzXC8yMDI0XC8xMVwvV2hhdHNBcHAtSW1hZ2UtMjAyNC0xMS0xMi1hdC0xNy4zMC4xMy0yLmpwZWciLCJzbGlkZXNob3ciOiI3MTFjNzVlIn0%3D\" href='https:\/\/gremioiberico.com\/wp-content\/uploads\/2024\/11\/WhatsApp-Image-2024-11-12-at-17.30.13-2.jpeg'><img loading=\"lazy\" decoding=\"async\" width=\"150\" height=\"150\" src=\"https:\/\/gremioiberico.com\/wp-content\/uploads\/2024\/11\/WhatsApp-Image-2024-11-12-at-17.30.13-2-150x150.jpeg\" class=\"attachment-thumbnail size-thumbnail\" alt=\"\" \/><\/a>\n\t\t\t<\/div><\/figure>\n\t\t<\/div>\n\t\t<\/div>\n\t\t\t\t\t\t<\/div>\n\t\t\t\t<\/div>\n\t\t\t\t<div class=\"elementor-element elementor-element-f9ea174 elementor-widget-divider--view-line elementor-widget elementor-widget-divider\" data-id=\"f9ea174\" data-element_type=\"widget\" data-e-type=\"widget\" data-widget_type=\"divider.default\">\n\t\t\t\t<div class=\"elementor-widget-container\">\n\t\t\t\t\t\t\t<div class=\"elementor-divider\">\n\t\t\t<span class=\"elementor-divider-separator\">\n\t\t\t\t\t\t<\/span>\n\t\t<\/div>\n\t\t\t\t\t\t<\/div>\n\t\t\t\t<\/div>\n\t\t\t\t\t<\/div>\n\t\t<\/div>\n\t\t\t\t\t<\/div>\n\t\t<\/section>\n\t\t\t\t<section class=\"elementor-section elementor-top-section elementor-element elementor-element-eb25671 elementor-section-boxed elementor-section-height-default elementor-section-height-default wpr-particle-no wpr-jarallax-no wpr-parallax-no wpr-sticky-section-no\" data-id=\"eb25671\" data-element_type=\"section\" data-e-type=\"section\">\n\t\t\t\t\t\t<div class=\"elementor-container elementor-column-gap-default\">\n\t\t\t\t\t<div class=\"elementor-column elementor-col-100 elementor-top-column elementor-element elementor-element-e81f961\" data-id=\"e81f961\" data-element_type=\"column\" data-e-type=\"column\">\n\t\t\t<div class=\"elementor-widget-wrap elementor-element-populated\">\n\t\t\t\t\t\t<div class=\"elementor-element elementor-element-8347d21 elementor-widget elementor-widget-heading\" data-id=\"8347d21\" data-element_type=\"widget\" data-e-type=\"widget\" data-widget_type=\"heading.default\">\n\t\t\t\t<div class=\"elementor-widget-container\">\n\t\t\t\t\t<h2 class=\"elementor-heading-title elementor-size-default\"><span class=\"elementor-heading-title elementor-size-default elementor-inline-editing pen\" data-elementor-setting-key=\"title\" data-pen-placeholder=\"Digite aqui...\" style=\"font-size: 1.875rem\">25 OUTOBRO<\/span> | 21h<\/h2>\t\t\t\t<\/div>\n\t\t\t\t<\/div>\n\t\t\t\t<div class=\"elementor-element elementor-element-afa09db elementor-widget elementor-widget-text-editor\" data-id=\"afa09db\" data-element_type=\"widget\" data-e-type=\"widget\" data-widget_type=\"text-editor.default\">\n\t\t\t\t<div class=\"elementor-widget-container\">\n\t\t\t\t\t\t\t\t\t<p>Conversa sobre o tema \u201c<em>A Diplomacia e a vida<\/em>\u201d proferida pelo <strong>Embaixador Francisco Seixas da Costa<\/strong>, na Universidade Popular de Ferreira do Alentejo.<\/p>\t\t\t\t\t\t\t\t<\/div>\n\t\t\t\t<\/div>\n\t\t\t\t<div class=\"elementor-element elementor-element-336f57b elementor-widget-divider--view-line elementor-widget elementor-widget-divider\" data-id=\"336f57b\" data-element_type=\"widget\" data-e-type=\"widget\" data-widget_type=\"divider.default\">\n\t\t\t\t<div class=\"elementor-widget-container\">\n\t\t\t\t\t\t\t<div class=\"elementor-divider\">\n\t\t\t<span class=\"elementor-divider-separator\">\n\t\t\t\t\t\t<\/span>\n\t\t<\/div>\n\t\t\t\t\t\t<\/div>\n\t\t\t\t<\/div>\n\t\t\t\t\t<\/div>\n\t\t<\/div>\n\t\t\t\t\t<\/div>\n\t\t<\/section>\n\t\t\t\t<section class=\"elementor-section elementor-top-section elementor-element elementor-element-7110fab elementor-section-boxed elementor-section-height-default elementor-section-height-default wpr-particle-no wpr-jarallax-no wpr-parallax-no wpr-sticky-section-no\" data-id=\"7110fab\" data-element_type=\"section\" data-e-type=\"section\">\n\t\t\t\t\t\t<div class=\"elementor-container elementor-column-gap-default\">\n\t\t\t\t\t<div class=\"elementor-column elementor-col-100 elementor-top-column elementor-element elementor-element-3b0bbb6\" data-id=\"3b0bbb6\" data-element_type=\"column\" data-e-type=\"column\">\n\t\t\t<div class=\"elementor-widget-wrap elementor-element-populated\">\n\t\t\t\t\t\t<div class=\"elementor-element elementor-element-ec50320 elementor-widget elementor-widget-heading\" data-id=\"ec50320\" data-element_type=\"widget\" data-e-type=\"widget\" data-widget_type=\"heading.default\">\n\t\t\t\t<div class=\"elementor-widget-container\">\n\t\t\t\t\t<h2 class=\"elementor-heading-title elementor-size-default\">8 NOVEMBRO | 18h30<\/h2>\t\t\t\t<\/div>\n\t\t\t\t<\/div>\n\t\t\t\t<div class=\"elementor-element elementor-element-a202f5b elementor-widget elementor-widget-text-editor\" data-id=\"a202f5b\" data-element_type=\"widget\" data-e-type=\"widget\" data-widget_type=\"text-editor.default\">\n\t\t\t\t<div class=\"elementor-widget-container\">\n\t\t\t\t\t\t\t\t\t<p>Em parceria com a Funda\u00e7\u00e3o Ara Solis da Corunha, que tem um protocolo assinado como a Universidade Popular e com o Gr\u00e9mio Ib\u00e9rico Cultural e Social, realizou-se uma conversa sobre o tema \u201c<em>Galiza, Carcavelos e Ferreira do Alentejo: Aliados pelo vinho<\/em>\u201d, com a presen\u00e7a de <strong>Manuel Rajo<\/strong>, Irmandinho da Irmandade dos Vinhos Galegos da Ribeira Sacra da Galiza, Presidente dos Amigos do Vinho da Ribeira Sacra e presidente da Funda\u00e7\u00e3o Ara Solis, <strong>Nuno Alves<\/strong>, Chanceler da Confraria dos Vinhos de Carcavelos, e Presidente da Junta de Freguesia de Carcavelos-Parede e dos vinhos do Concelho de Ferreira do Alentejo, a En\u00f3loga da Herdade do Pinheiro <strong>Ana Bic\u00f3 <\/strong>e os vinhos da Quinta da Pacheca. Este evento realizou-se na Taberna do Lelito em Ferreira do Alentejo.<\/p>\t\t\t\t\t\t\t\t<\/div>\n\t\t\t\t<\/div>\n\t\t\t\t<div class=\"elementor-element elementor-element-512ccc8 elementor-widget elementor-widget-image\" data-id=\"512ccc8\" data-element_type=\"widget\" data-e-type=\"widget\" data-widget_type=\"image.default\">\n\t\t\t\t<div class=\"elementor-widget-container\">\n\t\t\t\t\t\t\t\t\t\t\t\t\t\t\t<img loading=\"lazy\" decoding=\"async\" width=\"300\" height=\"162\" src=\"https:\/\/gremioiberico.com\/wp-content\/uploads\/2023\/12\/Logo-300x162.png\" class=\"attachment-medium size-medium wp-image-464\" alt=\"\" srcset=\"https:\/\/gremioiberico.com\/wp-content\/uploads\/2023\/12\/Logo-300x162.png 300w, https:\/\/gremioiberico.com\/wp-content\/uploads\/2023\/12\/Logo.png 508w\" sizes=\"(max-width: 300px) 100vw, 300px\" \/>\t\t\t\t\t\t\t\t\t\t\t\t\t\t\t<\/div>\n\t\t\t\t<\/div>\n\t\t\t\t<div class=\"elementor-element elementor-element-380dbcd elementor-widget-divider--view-line elementor-widget elementor-widget-divider\" data-id=\"380dbcd\" data-element_type=\"widget\" data-e-type=\"widget\" data-widget_type=\"divider.default\">\n\t\t\t\t<div class=\"elementor-widget-container\">\n\t\t\t\t\t\t\t<div class=\"elementor-divider\">\n\t\t\t<span class=\"elementor-divider-separator\">\n\t\t\t\t\t\t<\/span>\n\t\t<\/div>\n\t\t\t\t\t\t<\/div>\n\t\t\t\t<\/div>\n\t\t\t\t\t<\/div>\n\t\t<\/div>\n\t\t\t\t\t<\/div>\n\t\t<\/section>\n\t\t\t\t<section class=\"elementor-section elementor-top-section elementor-element elementor-element-e23e250 elementor-section-boxed elementor-section-height-default elementor-section-height-default wpr-particle-no wpr-jarallax-no wpr-parallax-no wpr-sticky-section-no\" data-id=\"e23e250\" data-element_type=\"section\" data-e-type=\"section\">\n\t\t\t\t\t\t<div class=\"elementor-container elementor-column-gap-default\">\n\t\t\t\t\t<div class=\"elementor-column elementor-col-100 elementor-top-column elementor-element elementor-element-921653f\" data-id=\"921653f\" data-element_type=\"column\" data-e-type=\"column\">\n\t\t\t<div class=\"elementor-widget-wrap elementor-element-populated\">\n\t\t\t\t\t\t<div class=\"elementor-element elementor-element-1071731 elementor-widget elementor-widget-heading\" data-id=\"1071731\" data-element_type=\"widget\" data-e-type=\"widget\" data-widget_type=\"heading.default\">\n\t\t\t\t<div class=\"elementor-widget-container\">\n\t\t\t\t\t<h2 class=\"elementor-heading-title elementor-size-default\">12 Dezembro | 18h<\/h2>\t\t\t\t<\/div>\n\t\t\t\t<\/div>\n\t\t\t\t<div class=\"elementor-element elementor-element-a2ccf92 elementor-widget elementor-widget-text-editor\" data-id=\"a2ccf92\" data-element_type=\"widget\" data-e-type=\"widget\" data-widget_type=\"text-editor.default\">\n\t\t\t\t<div class=\"elementor-widget-container\">\n\t\t\t\t\t\t\t\t\t<p>Conversa sobre o tema \u201c<em>Nos 100 anos de M\u00e1rio Soares<\/em>\u201d pelos seus\u00a0filhos <strong>Dra. Isabel Soares e o Dr. Jo\u00e3o Soares<\/strong>, tendo no local a\u00a0Exposi\u00e7\u00e3o \u201c<em>Soares sempre fixe<\/em>\u201d de <strong>In\u00e1cio Ludgero<\/strong>.\u00a0 A apresenta\u00e7\u00e3o dos palestrantes ser\u00e1 realizada pela\u00a0<strong>Dra\u00aa. Maria Jo\u00e3o Pina<\/strong> e pelo Sr.\u00a0Presidente da C\u00e2mara Municipal de Ferreira do Alentejo <strong>Dr. Lu\u00eds\u00a0Pita Ameixa<\/strong>. Evento a realizar na Universidade Popular de Ferreira do Alentejo.<\/p>\t\t\t\t\t\t\t\t<\/div>\n\t\t\t\t<\/div>\n\t\t\t\t<div class=\"elementor-element elementor-element-62d0db4 elementor-widget-divider--view-line elementor-widget elementor-widget-divider\" data-id=\"62d0db4\" data-element_type=\"widget\" data-e-type=\"widget\" data-widget_type=\"divider.default\">\n\t\t\t\t<div class=\"elementor-widget-container\">\n\t\t\t\t\t\t\t<div class=\"elementor-divider\">\n\t\t\t<span class=\"elementor-divider-separator\">\n\t\t\t\t\t\t<\/span>\n\t\t<\/div>\n\t\t\t\t\t\t<\/div>\n\t\t\t\t<\/div>\n\t\t\t\t\t<\/div>\n\t\t<\/div>\n\t\t\t\t\t<\/div>\n\t\t<\/section>\n\t\t\t\t<section class=\"elementor-section elementor-top-section elementor-element elementor-element-38df1f9 elementor-section-boxed elementor-section-height-default elementor-section-height-default wpr-particle-no wpr-jarallax-no wpr-parallax-no wpr-sticky-section-no\" data-id=\"38df1f9\" data-element_type=\"section\" data-e-type=\"section\">\n\t\t\t\t\t\t<div class=\"elementor-container elementor-column-gap-default\">\n\t\t\t\t\t<div class=\"elementor-column elementor-col-33 elementor-top-column elementor-element elementor-element-7ea48f8\" data-id=\"7ea48f8\" data-element_type=\"column\" data-e-type=\"column\">\n\t\t\t<div class=\"elementor-widget-wrap elementor-element-populated\">\n\t\t\t\t\t\t<div class=\"elementor-element elementor-element-d294564 elementor-widget elementor-widget-image\" data-id=\"d294564\" data-element_type=\"widget\" data-e-type=\"widget\" data-widget_type=\"image.default\">\n\t\t\t\t<div class=\"elementor-widget-container\">\n\t\t\t\t\t\t\t\t\t\t\t\t\t\t\t<img loading=\"lazy\" decoding=\"async\" width=\"800\" height=\"429\" src=\"https:\/\/gremioiberico.com\/wp-content\/uploads\/2023\/12\/Cartaz_page-0001-836x448-1.jpg\" class=\"attachment-large size-large wp-image-455\" alt=\"\" srcset=\"https:\/\/gremioiberico.com\/wp-content\/uploads\/2023\/12\/Cartaz_page-0001-836x448-1.jpg 836w, https:\/\/gremioiberico.com\/wp-content\/uploads\/2023\/12\/Cartaz_page-0001-836x448-1-300x161.jpg 300w, https:\/\/gremioiberico.com\/wp-content\/uploads\/2023\/12\/Cartaz_page-0001-836x448-1-768x412.jpg 768w\" sizes=\"(max-width: 800px) 100vw, 800px\" \/>\t\t\t\t\t\t\t\t\t\t\t\t\t\t\t<\/div>\n\t\t\t\t<\/div>\n\t\t\t\t\t<\/div>\n\t\t<\/div>\n\t\t\t\t<div class=\"elementor-column elementor-col-33 elementor-top-column elementor-element elementor-element-301f4aa\" data-id=\"301f4aa\" data-element_type=\"column\" data-e-type=\"column\">\n\t\t\t<div class=\"elementor-widget-wrap elementor-element-populated\">\n\t\t\t\t\t\t<div class=\"elementor-element elementor-element-d665d8f elementor-widget elementor-widget-image\" data-id=\"d665d8f\" data-element_type=\"widget\" data-e-type=\"widget\" data-widget_type=\"image.default\">\n\t\t\t\t<div class=\"elementor-widget-container\">\n\t\t\t\t\t\t\t\t\t\t\t\t\t\t\t<img loading=\"lazy\" decoding=\"async\" width=\"800\" height=\"578\" src=\"https:\/\/gremioiberico.com\/wp-content\/uploads\/2023\/12\/conversas-1024x740.png\" class=\"attachment-large size-large wp-image-438\" alt=\"\" srcset=\"https:\/\/gremioiberico.com\/wp-content\/uploads\/2023\/12\/conversas-1024x740.png 1024w, https:\/\/gremioiberico.com\/wp-content\/uploads\/2023\/12\/conversas-300x217.png 300w, https:\/\/gremioiberico.com\/wp-content\/uploads\/2023\/12\/conversas-768x555.png 768w, https:\/\/gremioiberico.com\/wp-content\/uploads\/2023\/12\/conversas.png 1125w\" sizes=\"(max-width: 800px) 100vw, 800px\" \/>\t\t\t\t\t\t\t\t\t\t\t\t\t\t\t<\/div>\n\t\t\t\t<\/div>\n\t\t\t\t\t<\/div>\n\t\t<\/div>\n\t\t\t\t<div class=\"elementor-column elementor-col-33 elementor-top-column elementor-element elementor-element-ed60253\" data-id=\"ed60253\" data-element_type=\"column\" data-e-type=\"column\">\n\t\t\t<div class=\"elementor-widget-wrap elementor-element-populated\">\n\t\t\t\t\t\t<div class=\"elementor-element elementor-element-66547fa elementor-widget elementor-widget-image\" data-id=\"66547fa\" data-element_type=\"widget\" data-e-type=\"widget\" data-widget_type=\"image.default\">\n\t\t\t\t<div class=\"elementor-widget-container\">\n\t\t\t\t\t\t\t\t\t\t\t\t\t\t\t<img loading=\"lazy\" decoding=\"async\" width=\"800\" height=\"451\" src=\"https:\/\/gremioiberico.com\/wp-content\/uploads\/2023\/12\/horiontal.jpg\" class=\"attachment-large size-large wp-image-456\" alt=\"\" srcset=\"https:\/\/gremioiberico.com\/wp-content\/uploads\/2023\/12\/horiontal.jpg 989w, https:\/\/gremioiberico.com\/wp-content\/uploads\/2023\/12\/horiontal-300x169.jpg 300w, https:\/\/gremioiberico.com\/wp-content\/uploads\/2023\/12\/horiontal-768x433.jpg 768w\" sizes=\"(max-width: 800px) 100vw, 800px\" \/>\t\t\t\t\t\t\t\t\t\t\t\t\t\t\t<\/div>\n\t\t\t\t<\/div>\n\t\t\t\t\t<\/div>\n\t\t<\/div>\n\t\t\t\t\t<\/div>\n\t\t<\/section>\n\t\t\t\t<\/div>\n\t\t","protected":false},"excerpt":{"rendered":"<p>A Universidade Popular de Ferreira do Alentejo e o Gr\u00e9mio Ib\u00e9rico Cultural e Social acordam a programa\u00e7\u00e3o para 2024 das Conversas de P\u00e9 de Orelha nas Instala\u00e7\u00f5es da Universidade, sempre presididas pelo Presidente da autarquia local Dr. Lu\u00eds Pita Ameixa. 19 JANEIRO | 21h A Universidade Popular de Ferreira do Alentejo e o Gr\u00e9mio Ib\u00e9rico Cultural e Social, efectuaram a apresenta\u00e7\u00e3o do projecto pelos Associados: Ana Tavares Mello, vice-presidente Associa\u00e7\u00e3o Gr\u00e9mio Ib\u00e9rico Cultural e Social e do Associado Ricardo Sousa. Seguiu-se o lan\u00e7amento do\u00a0livro \u201cNunca Estamos S\u00f3s\/Solos\u201d da autoria de v\u00e1rios autores, um relato de viv\u00eancias durante a pandemia, apresentado por In\u00e1cio Ludgero presidente do Gr\u00e9mio Ib\u00e9rico Cultural e Social. Fotos de In\u00eas Viriato\/C\u00e2mara Municipal de Ferreira do Alentejo\u00a0e de Gabriela Fernandes. 15 MAR\u00c7O | 21h Conversa sobre o tema \u201cO papel da mulher na Ma\u00e7onaria\u201d proferida por Maria Jos\u00e9 Matos, Historiadora, C\u00e1rmen Vasquez, licenciada em Antropologia e Gabriela Fernandes, Engenheira Civil na, com apresenta\u00e7\u00e3o de In\u00e1cio Ludgero, Presidente do Gr\u00e9mio Ib\u00e9rico Social e Cultural, Manuel Rajo, Presidente do Conselho Fiscal do Gr\u00e9mio Ib\u00e9rico Cultural e Social. Conversa proferida na Universidade Popular de Ferreira do Alentejo. Fotos de In\u00eas Viriato\/C\u00e2mara Municipal de Ferreira do Alentejo. 5 ABRIL | 21h Conversa sobre o tema \u201c\u00c0 conversa com um militar de Abril\u201d proferida pelo Coronel Jo\u00e3o Andrade da Silva, na Universidade Popular de Ferreira do Alentejo. Fotos de In\u00eas Viriato\/C\u00e2mara Municipal de Ferreira do Alentejo. 19 ABRIL | 21h Conversa sobre o tema \u201cA cantiga ainda \u00e9 uma arma?\u201d proferida por Ant\u00f3nio Manuel Ribeiro, seguida da actua\u00e7\u00e3o dos UHF, no Centro\u00a0Cultural Manuel da Fonseca em Ferreira do Alentejo. Fotos de In\u00eas Viriato\/C\u00e2mara Municipal de Ferreira do Alentejo. 12 AGOSTO | 18h \u201c12 Dias com os M\u00e1rtires do Sil\u00eancio\u201d: Inaugura\u00e7\u00e3o da exposi\u00e7\u00e3o fotogr\u00e1fica de In\u00e1cio Ludgero, na Universidade Popular de Ferreira do Alentejo.A exposi\u00e7\u00e3o que conta a hist\u00f3ria do referendo em Timor-Leste, 25 anos depois (31-08-1999), com a confer\u00eancia \u201cO referendo em Timor passados 25 anos\u201d proferida pela Embaixadora Ana Gomes. Fotos &#8211; In\u00eas Viriato Fotos &#8211; In\u00eas Viriato Fotos &#8211; In\u00eas Viriato Fotos &#8211; In\u00eas Viriato Fotos &#8211; In\u00eas Viriato Fotos &#8211; In\u00eas Viriato Fotos &#8211; In\u00eas Viriato Fotos &#8211; In\u00eas Viriato Fotos de In\u00eas Viriato\/C\u00e2mara Municipal de Ferreira do Alentejo. 11 OUTOBRO | 21h Conversa sobre o tema \u201cA Europa: essa desconhecida!\u201d proferida pelo Dr. Jos\u00e9 Pacheco Pereira, na Universidade Popular de Ferreira do Alentejo. 25 OUTOBRO | 21h Conversa sobre o tema \u201cA Diplomacia e a vida\u201d proferida pelo Embaixador Francisco Seixas da Costa, na Universidade Popular de Ferreira do Alentejo. 8 NOVEMBRO | 18h30 Em parceria com a Funda\u00e7\u00e3o Ara Solis da Corunha, que tem um protocolo assinado como a Universidade Popular e com o Gr\u00e9mio Ib\u00e9rico Cultural e Social, realizou-se uma conversa sobre o tema \u201cGaliza, Carcavelos e Ferreira do Alentejo: Aliados pelo vinho\u201d, com a presen\u00e7a de Manuel Rajo, Irmandinho da Irmandade dos Vinhos Galegos da Ribeira Sacra da Galiza, Presidente dos Amigos do Vinho da Ribeira Sacra e presidente da Funda\u00e7\u00e3o Ara Solis, Nuno Alves, Chanceler da Confraria dos Vinhos de Carcavelos, e Presidente da Junta de Freguesia de Carcavelos-Parede e dos vinhos do Concelho de Ferreira do Alentejo, a En\u00f3loga da Herdade do Pinheiro Ana Bic\u00f3 e os vinhos da Quinta da Pacheca. Este evento realizou-se na Taberna do Lelito em Ferreira do Alentejo. 12 Dezembro | 18h Conversa sobre o tema \u201cNos 100 anos de M\u00e1rio Soares\u201d pelos seus\u00a0filhos Dra. Isabel Soares e o Dr. Jo\u00e3o Soares, tendo no local a\u00a0Exposi\u00e7\u00e3o \u201cSoares sempre fixe\u201d de In\u00e1cio Ludgero.\u00a0 A apresenta\u00e7\u00e3o dos palestrantes ser\u00e1 realizada pela\u00a0Dra\u00aa. Maria Jo\u00e3o Pina e pelo Sr.\u00a0Presidente da C\u00e2mara Municipal de Ferreira do Alentejo Dr. Lu\u00eds\u00a0Pita Ameixa. Evento a realizar na Universidade Popular de Ferreira do Alentejo.<\/p>\n","protected":false},"author":2,"featured_media":0,"parent":0,"menu_order":0,"comment_status":"closed","ping_status":"closed","template":"","meta":{"footnotes":""},"class_list":["post-439","page","type-page","status-publish","hentry"],"_links":{"self":[{"href":"https:\/\/gremioiberico.com\/index.php?rest_route=\/wp\/v2\/pages\/439","targetHints":{"allow":["GET"]}}],"collection":[{"href":"https:\/\/gremioiberico.com\/index.php?rest_route=\/wp\/v2\/pages"}],"about":[{"href":"https:\/\/gremioiberico.com\/index.php?rest_route=\/wp\/v2\/types\/page"}],"author":[{"embeddable":true,"href":"https:\/\/gremioiberico.com\/index.php?rest_route=\/wp\/v2\/users\/2"}],"replies":[{"embeddable":true,"href":"https:\/\/gremioiberico.com\/index.php?rest_route=%2Fwp%2Fv2%2Fcomments&post=439"}],"version-history":[{"count":136,"href":"https:\/\/gremioiberico.com\/index.php?rest_route=\/wp\/v2\/pages\/439\/revisions"}],"predecessor-version":[{"id":1032,"href":"https:\/\/gremioiberico.com\/index.php?rest_route=\/wp\/v2\/pages\/439\/revisions\/1032"}],"wp:attachment":[{"href":"https:\/\/gremioiberico.com\/index.php?rest_route=%2Fwp%2Fv2%2Fmedia&parent=439"}],"curies":[{"name":"wp","href":"https:\/\/api.w.org\/{rel}","templated":true}]}}